{"id":10433,"date":"2021-08-17T17:16:55","date_gmt":"2021-08-17T17:16:55","guid":{"rendered":"https:\/\/www.cpureus.com\/soporte-formulacion-contractos\/"},"modified":"2022-04-21T09:20:25","modified_gmt":"2022-04-21T07:20:25","slug":"soporte-formulacion-contratos","status":"publish","type":"page","link":"https:\/\/www.cpureus.com\/es\/soporte-formulacion-contratos\/","title":{"rendered":"Soporte formulaci\u00f3n contratos"},"content":{"rendered":"<p>[et_pb_section fb_built=&#8221;1&#8243; fullwidth=&#8221;on&#8221; _builder_version=&#8221;4.9.0&#8243; _module_preset=&#8221;default&#8221; background_color=&#8221;#5a6771&#8243; background_enable_image=&#8221;off&#8221; background_position=&#8221;bottom_center&#8221; custom_margin=&#8221;0px|0px|0px|0px|false|false&#8221; custom_padding=&#8221;10px|0px|10px|0px|false|false&#8221; global_colors_info=&#8221;{}&#8221;][et_pb_fullwidth_header title=&#8221;Soporte formulaci\u00f3n contratos&#8221; _builder_version=&#8221;4.9.11&#8243; _module_preset=&#8221;default&#8221; title_font=&#8221;Julius Sans One|||on|||||&#8221; title_text_align=&#8221;center&#8221; title_font_size=&#8221;40px&#8221; title_line_height=&#8221;1.8em&#8221; content_font=&#8221;Ubuntu|300|||||||&#8221; content_font_size=&#8221;25px&#8221; background_enable_color=&#8221;off&#8221; custom_margin=&#8221;0px|0px|0px|0px|false|false&#8221; custom_padding=&#8221;0px|0px|0px|0px|false|false&#8221; title_text_shadow_style=&#8221;preset3&#8243; content_text_shadow_style=&#8221;preset5&#8243; global_colors_info=&#8221;{}&#8221;][\/et_pb_fullwidth_header][\/et_pb_section][et_pb_section fb_built=&#8221;1&#8243; _builder_version=&#8221;4.9.0&#8243; _module_preset=&#8221;default&#8221; custom_margin=&#8221;0px|0px|0px|0px|false|false&#8221; custom_padding=&#8221;30px|0px|30px|0px|false|false&#8221; global_colors_info=&#8221;{}&#8221;][et_pb_row column_structure=&#8221;1_2,1_2&#8243; use_custom_gutter=&#8221;on&#8221; gutter_width=&#8221;2&#8243; make_equal=&#8221;on&#8221; _builder_version=&#8221;4.9.0&#8243; _module_preset=&#8221;default&#8221; width=&#8221;95%&#8221; module_alignment=&#8221;center&#8221; global_colors_info=&#8221;{}&#8221;][et_pb_column type=&#8221;1_2&#8243; _builder_version=&#8221;4.9.0&#8243; _module_preset=&#8221;default&#8221; global_colors_info=&#8221;{}&#8221;][et_pb_image src=&#8221;https:\/\/www.cpureus.com\/wp-content\/uploads\/2021\/06\/Contractes-de-lloguer-i-altres-1000.jpg&#8221; title_text=&#8221;Contractes de lloguer i altres-1000&#8243; align=&#8221;center&#8221; force_fullwidth=&#8221;on&#8221; _builder_version=&#8221;4.9.0&#8243; _module_preset=&#8221;default&#8221; module_alignment=&#8221;center&#8221; global_colors_info=&#8221;{}&#8221;][\/et_pb_image][\/et_pb_column][et_pb_column type=&#8221;1_2&#8243; _builder_version=&#8221;4.9.0&#8243; _module_preset=&#8221;default&#8221; global_colors_info=&#8221;{}&#8221;][et_pb_text _builder_version=&#8221;4.9.0&#8243; _module_preset=&#8221;default&#8221; text_font=&#8221;Ubuntu|300|||||||&#8221; text_text_color=&#8221;#404040&#8243; text_font_size=&#8221;38px&#8221; text_orientation=&#8221;center&#8221; min_height=&#8221;26.8px&#8221; custom_margin=&#8221;50px|0px|0px|0px|false|false&#8221; custom_padding=&#8221;10px|0px|10px|0px|false|false&#8221; global_colors_info=&#8221;{}&#8221;]<\/p>\n<p>Seguridad y confianza<\/p>\n<p>[\/et_pb_text][et_pb_text _builder_version=&#8221;4.9.0&#8243; _module_preset=&#8221;default&#8221; text_font=&#8221;Ubuntu|300|||||||&#8221; text_text_color=&#8221;rgba(64,64,64,0.5)&#8221; text_font_size=&#8221;30px&#8221; text_orientation=&#8221;center&#8221; custom_margin=&#8221;0px|0px|29px|0px|false|false&#8221; custom_padding=&#8221;10px|0px|10px|0px|false|false&#8221; global_colors_info=&#8221;{}&#8221;]<\/p>\n<p>Security and trust<\/p>\n<p>[\/et_pb_text][et_pb_image src=&#8221;https:\/\/www.cpureus.com\/wp-content\/uploads\/2021\/06\/LOGO-CAMBRA-DE-LA-PROPIETAT-URBANA-DE-REUS-600.jpg&#8221; title_text=&#8221;LOGO C\u00c1MARA DE LA PROPIEDAD URBANA DE REUS-600&#8243; align=&#8221;center&#8221; _builder_version=&#8221;4.9.0&#8243; _module_preset=&#8221;default&#8221; width=&#8221;70%&#8221; custom_margin=&#8221;30px|||||&#8221; global_colors_info=&#8221;{}&#8221;][\/et_pb_image][\/et_pb_column][\/et_pb_row][\/et_pb_section][et_pb_section fb_built=&#8221;1&#8243; _builder_version=&#8221;4.9.0&#8243; _module_preset=&#8221;default&#8221; custom_margin=&#8221;0px|0px|0px|0px|false|false&#8221; custom_padding=&#8221;30px|0px|30px|0px|false|false&#8221; global_colors_info=&#8221;{}&#8221;][et_pb_row use_custom_gutter=&#8221;on&#8221; gutter_width=&#8221;2&#8243; make_equal=&#8221;on&#8221; _builder_version=&#8221;4.9.0&#8243; _module_preset=&#8221;default&#8221; width=&#8221;95%&#8221; width_tablet=&#8221;95%&#8221; width_phone=&#8221;&#8221; width_last_edited=&#8221;on|phone&#8221; module_alignment=&#8221;center&#8221; custom_margin=&#8221;10px|0px|10px|0px|false|false&#8221; custom_padding=&#8221;10px|10px|10px|10px|false|false&#8221; border_width_all=&#8221;1px&#8221; border_color_all=&#8221;#cccccc&#8221; global_colors_info=&#8221;{}&#8221;][et_pb_column type=&#8221;4_4&#8243; _builder_version=&#8221;4.9.0&#8243; _module_preset=&#8221;default&#8221; global_colors_info=&#8221;{}&#8221;][et_pb_text content_tablet=&#8221;&#8221; content_phone=&#8221;&#8221; content_last_edited=&#8221;on|desktop&#8221; _builder_version=&#8221;4.9.11&#8243; _module_preset=&#8221;default&#8221; header_font=&#8221;Julius Sans One||||||||&#8221; header_2_font=&#8221;Julius Sans One||||||||&#8221; header_2_text_align=&#8221;left&#8221; header_2_text_color=&#8221;#c4261e&#8221; header_2_font_size=&#8221;38px&#8221; global_colors_info=&#8221;{}&#8221;]<\/p>\n<h2 class=\"et_pb_module_header et-fb-editable-element et-fb-editable-element__editing\" data-shortcode-id=\"1.1.0.0-1618237919762\" data-quickaccess-id=\"header\">Enlaces externos de ayuda para contratos vivienda<\/h2>\n<p>[\/et_pb_text][et_pb_divider divider_weight=&#8221;3px&#8221; _builder_version=&#8221;4.9.0&#8243; _module_preset=&#8221;default&#8221; width=&#8221;100px&#8221; module_alignment=&#8221;left&#8221; custom_margin=&#8221;0px|0px|0px|0px|false|false&#8221; custom_padding=&#8221;0px|0px|0px|0px|false|false&#8221; global_colors_info=&#8221;{}&#8221;][\/et_pb_divider][et_pb_text ul_type=&#8221;square&#8221; _builder_version=&#8221;4.12.0&#8243; _module_preset=&#8221;default&#8221; text_font=&#8221;Ubuntu|300|||||||&#8221; text_text_color=&#8221;#404040&#8243; text_font_size=&#8221;20px&#8221; ul_font=&#8221;Ubuntu||||||||&#8221; ul_line_height=&#8221;1.8em&#8221; hover_enabled=&#8221;0&#8243; global_colors_info=&#8221;{}&#8221; sticky_enabled=&#8221;0&#8243;]<\/p>\n<ul>\n<li>C\u00e9dula de Habitabilidad. Si deseas m\u00e1s informaci\u00f3n sobre este documento, consulta nuestra <a href=\"https:\/\/www.cpureus.com\/es\/cedulas-de-habitabilidad-y-certificaciones-energeticas\/\" target=\"_blank\" rel=\"noopener\">secci\u00f3n web<\/a><\/li>\n<li>Certificaci\u00f3n de Eficiencia Energ\u00e9tica. Si deseas m\u00e1s informaci\u00f3n sobre este documento, consulta nuestra <a href=\"https:\/\/www.cpureus.com\/es\/cedulas-de-habitabilidad-y-certificaciones-energeticas\/\" target=\"_blank\" rel=\"noopener\">secci\u00f3n web<\/a><\/li>\n<li>Referencia catastral de la vivienda. La podr\u00e1s encontrar en el recibo del IBI o bien en la Sede Electr\u00f3nica del Catastro: en este <a href=\"https:\/\/www1.sedecatastro.gob.es\/cycbieninmueble\/ovcbusqueda.aspx\" target=\"_blank\" rel=\"noopener\">enlace externo.<\/a><\/li>\n<\/ul>\n<p>[\/et_pb_text][\/et_pb_column][\/et_pb_row][et_pb_row use_custom_gutter=&#8221;on&#8221; gutter_width=&#8221;2&#8243; make_equal=&#8221;on&#8221; _builder_version=&#8221;4.9.0&#8243; _module_preset=&#8221;default&#8221; width=&#8221;95%&#8221; width_tablet=&#8221;95%&#8221; width_phone=&#8221;&#8221; width_last_edited=&#8221;on|phone&#8221; module_alignment=&#8221;center&#8221; custom_margin=&#8221;10px|0px|10px|0px|false|false&#8221; custom_padding=&#8221;10px|10px|10px|10px|false|false&#8221; border_width_all=&#8221;1px&#8221; border_color_all=&#8221;#cccccc&#8221; global_colors_info=&#8221;{}&#8221;][et_pb_column type=&#8221;4_4&#8243; _builder_version=&#8221;4.9.0&#8243; _module_preset=&#8221;default&#8221; global_colors_info=&#8221;{}&#8221;][et_pb_text content_tablet=&#8221;&#8221; content_phone=&#8221;&#8221; content_last_edited=&#8221;on|desktop&#8221; _builder_version=&#8221;4.9.11&#8243; _module_preset=&#8221;default&#8221; header_font=&#8221;Julius Sans One||||||||&#8221; header_2_font=&#8221;Julius Sans One||||||||&#8221; header_2_text_align=&#8221;left&#8221; header_2_text_color=&#8221;#c4261e&#8221; header_2_font_size=&#8221;38px&#8221; global_colors_info=&#8221;{}&#8221;]<\/p>\n<h2 class=\"et_pb_module_header et-fb-editable-element et-fb-editable-element__editing\" data-shortcode-id=\"1.1.0.0-1618237919762\" data-quickaccess-id=\"header\">Enlaces externos de ayuda para contrato local negocio<\/h2>\n<p>[\/et_pb_text][et_pb_divider divider_weight=&#8221;3px&#8221; _builder_version=&#8221;4.9.0&#8243; _module_preset=&#8221;default&#8221; width=&#8221;100px&#8221; module_alignment=&#8221;left&#8221; custom_margin=&#8221;0px|0px|0px|0px|false|false&#8221; custom_padding=&#8221;0px|0px|0px|0px|false|false&#8221; global_colors_info=&#8221;{}&#8221;][\/et_pb_divider][et_pb_text ul_type=&#8221;square&#8221; _builder_version=&#8221;4.9.11&#8243; _module_preset=&#8221;default&#8221; text_font=&#8221;Ubuntu|300|||||||&#8221; text_text_color=&#8221;#404040&#8243; text_font_size=&#8221;20px&#8221; ul_font=&#8221;Ubuntu||||||||&#8221; ul_line_height=&#8221;1.8em&#8221; global_colors_info=&#8221;{}&#8221;]<\/p>\n<ul>\n<li>Certificaci\u00f3n de Eficiencia Energ\u00e9tica. Si deseas m\u00e1s informaci\u00f3n sobre este documento, consulta nuestra <a href=\"https:\/\/www.cpureus.com\/es\/cedulas-de-habitabilidad-y-certificaciones-energeticas\/\" target=\"_blank\" rel=\"noopener\">secci\u00f3n web<\/a><\/li>\n<li>Referencia catastral de la vivienda. La podr\u00e1s encontrar en el recibo del IBI o bien en la Sede Electr\u00f3nica del Catastro: en este <a href=\"https:\/\/www1.sedecatastro.gob.es\/Cartografia\/mapa.aspx?buscar=S.\" target=\"_blank\" rel=\"noopener\">enlace externo.<\/a><a href=\"http:\/\/agenciahabitatge.gencat.cat\/indexdelloguer\/%20.\"><\/a><\/li>\n<\/ul>\n<p>[\/et_pb_text][\/et_pb_column][\/et_pb_row][\/et_pb_section][et_pb_section fb_built=&#8221;1&#8243; _builder_version=&#8221;4.9.0&#8243; _module_preset=&#8221;default&#8221; background_color=&#8221;rgba(71,71,71,0.1)&#8221; module_alignment=&#8221;center&#8221; custom_margin=&#8221;0px|0px|0px|0px|false|false&#8221; custom_padding=&#8221;30px|0px|30px|0px|false|false&#8221; saved_tabs=&#8221;all&#8221; global_colors_info=&#8221;{}&#8221;][et_pb_row column_structure=&#8221;1_3,1_3,1_3&#8243; use_custom_gutter=&#8221;on&#8221; gutter_width=&#8221;2&#8243; make_equal=&#8221;on&#8221; custom_padding_last_edited=&#8221;on|phone&#8221; _builder_version=&#8221;4.9.0&#8243; _module_preset=&#8221;default&#8221; width_tablet=&#8221;90%&#8221; width_phone=&#8221;95%&#8221; width_last_edited=&#8221;on|phone&#8221; max_width=&#8221;1600px&#8221; module_alignment=&#8221;center&#8221; custom_margin=&#8221;20px|0px|20px|0px|false|false&#8221; custom_padding=&#8221;20px|20px|20px|20px|false|false&#8221; custom_padding_tablet=&#8221;|10px||10px|false|false&#8221; custom_padding_phone=&#8221;&#8221; border_radii=&#8221;on|10px|10px|10px|10px&#8221; border_width_all=&#8221;1px&#8221; border_color_all=&#8221;#FFFFFF&#8221; global_colors_info=&#8221;{}&#8221;][et_pb_column type=&#8221;1_3&#8243; _builder_version=&#8221;4.9.0&#8243; _module_preset=&#8221;default&#8221; custom_padding=&#8221;0px|0px|0px|0px|false|false&#8221; global_colors_info=&#8221;{}&#8221;][et_pb_text _builder_version=&#8221;4.9.0&#8243; _module_preset=&#8221;default&#8221; text_font=&#8221;Ubuntu|300|||||||&#8221; text_text_color=&#8221;#404040&#8243; global_colors_info=&#8221;{}&#8221;]<\/p>\n<p>\n            <strong>Horario ma\u00f1anas:<\/strong>\n          <\/p>\n<p>Lunes a Viernes de 8h a 14h<\/p>\n<p>\n            <strong>Horario tardes:<\/strong>\n          <\/p>\n<p>Martes y Jueves de 16h a 19h<\/p>\n<p>\n            <strong>Horario verano: <\/strong>\n          <\/p>\n<p>1 de Julio al 31 de Agosto<\/p>\n<p>De Lunes a Viernes de 8h a 14h.<\/p>\n<p>[\/et_pb_text][\/et_pb_column][et_pb_column type=&#8221;1_3&#8243; _builder_version=&#8221;4.9.0&#8243; _module_preset=&#8221;default&#8221; global_colors_info=&#8221;{}&#8221;][et_pb_text _builder_version=&#8221;4.9.0&#8243; _module_preset=&#8221;default&#8221; text_font=&#8221;Ubuntu|300|||||||&#8221; text_text_color=&#8221;#404040&#8243; global_colors_info=&#8221;{}&#8221;]<\/p>\n<p>\n            <strong>Oficina Reus:<\/strong>\n          <\/p>\n<p>Pla\u00e7a Catalunya 5<\/p>\n<p>43201 Reus<\/p>\n<p>Telf. 977 127 700<\/p>\n<p>\n            <a href=\"mailto:info@cpureus.com\">info@cpureus.com<\/a>\n          <\/p>\n<p>[\/et_pb_text][et_pb_code _builder_version=&#8221;4.9.0&#8243; _module_preset=&#8221;default&#8221; module_alignment=&#8221;center&#8221; custom_margin=&#8221;0px|0px|0px|0px|false|false&#8221; custom_padding=&#8221;0px|0px|0px|0px|false|false&#8221; global_colors_info=&#8221;{}&#8221;][\/et_pb_code][\/et_pb_column][et_pb_column type=&#8221;1_3&#8243; _builder_version=&#8221;4.9.0&#8243; _module_preset=&#8221;default&#8221; global_colors_info=&#8221;{}&#8221;][et_pb_text _builder_version=&#8221;4.9.0&#8243; _module_preset=&#8221;default&#8221; text_font=&#8221;Ubuntu|300|||||||&#8221; text_text_color=&#8221;#404040&#8243; global_colors_info=&#8221;{}&#8221;]<\/p>\n<p>\n            <strong>Oficina Cambrils:<br \/> <\/strong>\n          <\/p>\n<p>Pla\u00e7a de la Vila 12<\/p>\n<p>43850 Cambrils<\/p>\n<p>Telf. 977 792 056<\/p>\n<p>\n            <a href=\"mailto:info@cpureus.com\">info@cpureus.com<\/a>\n          <\/p>\n<p>[\/et_pb_text][et_pb_code _builder_version=&#8221;4.9.0&#8243; _module_preset=&#8221;default&#8221; global_colors_info=&#8221;{}&#8221;][\/et_pb_code][\/et_pb_column][\/et_pb_row][\/et_pb_section][et_pb_section fb_built=&#8221;1&#8243; _builder_version=&#8221;4.9.0&#8243; _module_preset=&#8221;default&#8221; custom_margin=&#8221;0px|0px|0px|0px|false|false&#8221; custom_padding=&#8221;10px|0px|10px|0px|false|false&#8221; saved_tabs=&#8221;all&#8221; global_colors_info=&#8221;{}&#8221;][et_pb_row column_structure=&#8221;1_4,1_4,1_2&#8243; _builder_version=&#8221;4.9.0&#8243; _module_preset=&#8221;default&#8221; module_alignment=&#8221;center&#8221; custom_margin=&#8221;0px|0px|0px|0px|false|false&#8221; custom_padding=&#8221;0px|0px|0px|0px|false|false&#8221; global_colors_info=&#8221;{}&#8221;][et_pb_column type=&#8221;1_4&#8243; _builder_version=&#8221;4.9.0&#8243; _module_preset=&#8221;default&#8221; global_colors_info=&#8221;{}&#8221;][et_pb_image src=&#8221;https:\/\/www.cpureus.com\/wp-content\/uploads\/2021\/03\/logo-petit-web-1.png&#8221; title_text=&#8221;logo-petit-web-1&#8243; align=&#8221;center&#8221; _builder_version=&#8221;4.9.0&#8243; _module_preset=&#8221;default&#8221; width=&#8221;60%&#8221; module_alignment=&#8221;center&#8221; custom_margin=&#8221;20px|0px|0px|0px|false|false&#8221; custom_padding=&#8221;0px|0px|0px|0px|false|false&#8221; global_colors_info=&#8221;{}&#8221;][\/et_pb_image][\/et_pb_column][et_pb_column type=&#8221;1_4&#8243; _builder_version=&#8221;4.9.0&#8243; _module_preset=&#8221;default&#8221; global_colors_info=&#8221;{}&#8221;][et_pb_image src=&#8221;https:\/\/www.cpureus.com\/wp-content\/uploads\/2021\/04\/URV-Facultat-de-ciencies-juridiques.png&#8221; title_text=&#8221;URV Facultad de ciencias jur\u00eddicas&#8221; align=&#8221;center&#8221; _builder_version=&#8221;4.9.0&#8243; _module_preset=&#8221;default&#8221; width=&#8221;60%&#8221; module_alignment=&#8221;center&#8221; custom_margin=&#8221;20px|0px|0px|0px|false|false&#8221; custom_padding=&#8221;0px|0px|0px|0px|false|false&#8221; global_colors_info=&#8221;{}&#8221;][\/et_pb_image][\/et_pb_column][et_pb_column type=&#8221;1_2&#8243; _builder_version=&#8221;4.9.0&#8243; _module_preset=&#8221;default&#8221; global_colors_info=&#8221;{}&#8221;][et_pb_text _builder_version=&#8221;4.9.0&#8243; _module_preset=&#8221;default&#8221; text_font=&#8221;Ubuntu|300|||||||&#8221; text_text_color=&#8221;#000000&#8243; text_font_size=&#8221;25px&#8221; text_line_height=&#8221;1em&#8221; text_orientation=&#8221;center&#8221; global_colors_info=&#8221;{}&#8221;]<\/p>\n<p>Apostamos por la formaci\u00f3n de nuevos valores<\/p>\n<p>\n            <span style=\"color: #999999\">We believe in developing new talent<\/span>\n          <\/p>\n<p>[\/et_pb_text][\/et_pb_column][\/et_pb_row][et_pb_row use_custom_gutter=&#8221;on&#8221; gutter_width=&#8221;2&#8243; make_equal=&#8221;on&#8221; _builder_version=&#8221;4.9.0&#8243; _module_preset=&#8221;default&#8221; width=&#8221;90%&#8221; module_alignment=&#8221;center&#8221; custom_margin=&#8221;0px|0px|0px|0px|false|false&#8221; custom_padding=&#8221;20px|0px|20px|0px|false|false&#8221; global_colors_info=&#8221;{}&#8221;][et_pb_column type=&#8221;4_4&#8243; _builder_version=&#8221;4.9.0&#8243; _module_preset=&#8221;default&#8221; global_colors_info=&#8221;{}&#8221;][et_pb_text _builder_version=&#8221;4.9.0&#8243; _module_preset=&#8221;default&#8221; text_font=&#8221;Ubuntu|300|||||||&#8221; text_text_color=&#8221;#232323&#8243; text_font_size=&#8221;16px&#8221; text_line_height=&#8221;1.4em&#8221; text_orientation=&#8221;center&#8221; global_colors_info=&#8221;{}&#8221;]<\/p>\n<p>En convenio con la Universidad Rovira i Virgili (URV) formamos alumnos de final de la carrera de Ciencias Jur\u00eddicas, donde adquieren experiencia y facilidades para la incorporaci\u00f3n al mundo laboral.<\/p>\n<p>La C\u00e1mara con el conocimiento y la innovaci\u00f3n.<\/p>\n<p>[\/et_pb_text][\/et_pb_column][\/et_pb_row][\/et_pb_section][et_pb_section fb_built=&#8221;1&#8243; _builder_version=&#8221;4.9.0&#8243; _module_preset=&#8221;default&#8221; background_color=&#8221;#3a3a3a&#8221; custom_margin=&#8221;0px|0px|0px|0px|false|false&#8221; custom_padding=&#8221;0px|0px|0px|0px|false|false&#8221; saved_tabs=&#8221;all&#8221; global_colors_info=&#8221;{}&#8221;][et_pb_row use_custom_gutter=&#8221;on&#8221; gutter_width=&#8221;2&#8243; make_equal=&#8221;on&#8221; _builder_version=&#8221;4.9.0&#8243; _module_preset=&#8221;default&#8221; width=&#8221;95%&#8221; module_alignment=&#8221;center&#8221; custom_margin=&#8221;0px|0px|0px|0px|false|false&#8221; custom_padding=&#8221;20px|20px|20px|20px|false|false&#8221; global_colors_info=&#8221;{}&#8221;][et_pb_column type=&#8221;4_4&#8243; _builder_version=&#8221;4.9.0&#8243; _module_preset=&#8221;default&#8221; global_colors_info=&#8221;{}&#8221;][et_pb_menu menu_id=&#8221;29&#8243; menu_style=&#8221;centered&#8221; active_link_color=&#8221;#FFFFFF&#8221; _builder_version=&#8221;4.9.0&#8243; _module_preset=&#8221;default&#8221; menu_font=&#8221;Ubuntu|300|||||||&#8221; menu_text_color=&#8221;#FFFFFF&#8221; menu_font_size=&#8221;15px&#8221; background_enable_color=&#8221;off&#8221; background_layout=&#8221;dark&#8221; global_colors_info=&#8221;{}&#8221;][\/et_pb_menu][\/et_pb_column][\/et_pb_row][\/et_pb_section]<\/p>\n","protected":false},"excerpt":{"rendered":"<p>Seguridad y confianzaSecurity and trustEnlaces externos de ayuda para contratos vivienda C\u00e9dula de Habitabilidad. Si deseas m\u00e1s informaci\u00f3n sobre este documento, consulta nuestra secci\u00f3n web Certificaci\u00f3n de Eficiencia Energ\u00e9tica. Si deseas m\u00e1s informaci\u00f3n sobre este documento, consulta nuestra secci\u00f3n web Referencia catastral de la vivienda. La podr\u00e1s encontrar en el recibo del IBI o bien [&hellip;]<\/p>\n","protected":false},"author":1,"featured_media":0,"parent":0,"menu_order":0,"comment_status":"closed","ping_status":"closed","template":"","meta":{"_et_pb_use_builder":"on","_et_pb_old_content":"","_et_gb_content_width":"","_joinchat":[],"footnotes":""},"class_list":["post-10433","page","type-page","status-publish","hentry"],"yoast_head":"<!-- This site is optimized with the Yoast SEO plugin v27.1.1 - https:\/\/yoast.com\/product\/yoast-seo-wordpress\/ -->\n<title>Soporte formulaci\u00f3n contratos - Cambra de la propietat urbana de Reus<\/title>\n<meta name=\"robots\" content=\"index, follow, max-snippet:-1, max-image-preview:large, max-video-preview:-1\" \/>\n<link rel=\"canonical\" href=\"https:\/\/www.cpureus.com\/es\/soporte-formulacion-contratos\/\" \/>\n<meta property=\"og:locale\" content=\"es_ES\" \/>\n<meta property=\"og:type\" content=\"article\" \/>\n<meta property=\"og:title\" content=\"Soporte formulaci\u00f3n contratos - Cambra de la propietat urbana de Reus\" \/>\n<meta property=\"og:description\" content=\"Seguridad y confianzaSecurity and trustEnlaces externos de ayuda para contratos vivienda C\u00e9dula de Habitabilidad. Si deseas m\u00e1s informaci\u00f3n sobre este documento, consulta nuestra secci\u00f3n web Certificaci\u00f3n de Eficiencia Energ\u00e9tica. Si deseas m\u00e1s informaci\u00f3n sobre este documento, consulta nuestra secci\u00f3n web Referencia catastral de la vivienda. La podr\u00e1s encontrar en el recibo del IBI o bien [&hellip;]\" \/>\n<meta property=\"og:url\" content=\"https:\/\/www.cpureus.com\/es\/soporte-formulacion-contratos\/\" \/>\n<meta property=\"og:site_name\" content=\"Cambra de la propietat urbana de Reus\" \/>\n<meta property=\"article:modified_time\" content=\"2022-04-21T07:20:25+00:00\" \/>\n<meta name=\"twitter:card\" content=\"summary_large_image\" \/>\n<meta name=\"twitter:label1\" content=\"Tiempo de lectura\" \/>\n\t<meta name=\"twitter:data1\" content=\"9 minutos\" \/>\n<script type=\"application\/ld+json\" class=\"yoast-schema-graph\">{\"@context\":\"https:\/\/schema.org\",\"@graph\":[{\"@type\":\"WebPage\",\"@id\":\"https:\/\/www.cpureus.com\/es\/soporte-formulacion-contratos\/\",\"url\":\"https:\/\/www.cpureus.com\/es\/soporte-formulacion-contratos\/\",\"name\":\"Soporte formulaci\u00f3n contratos - Cambra de la propietat urbana de Reus\",\"isPartOf\":{\"@id\":\"https:\/\/www.cpureus.com\/#website\"},\"datePublished\":\"2021-08-17T17:16:55+00:00\",\"dateModified\":\"2022-04-21T07:20:25+00:00\",\"breadcrumb\":{\"@id\":\"https:\/\/www.cpureus.com\/es\/soporte-formulacion-contratos\/#breadcrumb\"},\"inLanguage\":\"es\",\"potentialAction\":[{\"@type\":\"ReadAction\",\"target\":[\"https:\/\/www.cpureus.com\/es\/soporte-formulacion-contratos\/\"]}]},{\"@type\":\"BreadcrumbList\",\"@id\":\"https:\/\/www.cpureus.com\/es\/soporte-formulacion-contratos\/#breadcrumb\",\"itemListElement\":[{\"@type\":\"ListItem\",\"position\":1,\"name\":\"Inici\",\"item\":\"https:\/\/www.cpureus.com\/es\/\"},{\"@type\":\"ListItem\",\"position\":2,\"name\":\"Soporte formulaci\u00f3n contratos\"}]},{\"@type\":\"WebSite\",\"@id\":\"https:\/\/www.cpureus.com\/#website\",\"url\":\"https:\/\/www.cpureus.com\/\",\"name\":\"Cambra de la propietat urbana de Reus\",\"description\":\"Cambra de la propietat urbana de Reus\",\"potentialAction\":[{\"@type\":\"SearchAction\",\"target\":{\"@type\":\"EntryPoint\",\"urlTemplate\":\"https:\/\/www.cpureus.com\/?s={search_term_string}\"},\"query-input\":{\"@type\":\"PropertyValueSpecification\",\"valueRequired\":true,\"valueName\":\"search_term_string\"}}],\"inLanguage\":\"es\"}]}<\/script>\n<!-- \/ Yoast SEO plugin. -->","yoast_head_json":{"title":"Soporte formulaci\u00f3n contratos - Cambra de la propietat urbana de Reus","robots":{"index":"index","follow":"follow","max-snippet":"max-snippet:-1","max-image-preview":"max-image-preview:large","max-video-preview":"max-video-preview:-1"},"canonical":"https:\/\/www.cpureus.com\/es\/soporte-formulacion-contratos\/","og_locale":"es_ES","og_type":"article","og_title":"Soporte formulaci\u00f3n contratos - Cambra de la propietat urbana de Reus","og_description":"Seguridad y confianzaSecurity and trustEnlaces externos de ayuda para contratos vivienda C\u00e9dula de Habitabilidad. Si deseas m\u00e1s informaci\u00f3n sobre este documento, consulta nuestra secci\u00f3n web Certificaci\u00f3n de Eficiencia Energ\u00e9tica. Si deseas m\u00e1s informaci\u00f3n sobre este documento, consulta nuestra secci\u00f3n web Referencia catastral de la vivienda. La podr\u00e1s encontrar en el recibo del IBI o bien [&hellip;]","og_url":"https:\/\/www.cpureus.com\/es\/soporte-formulacion-contratos\/","og_site_name":"Cambra de la propietat urbana de Reus","article_modified_time":"2022-04-21T07:20:25+00:00","twitter_card":"summary_large_image","twitter_misc":{"Tiempo de lectura":"9 minutos"},"schema":{"@context":"https:\/\/schema.org","@graph":[{"@type":"WebPage","@id":"https:\/\/www.cpureus.com\/es\/soporte-formulacion-contratos\/","url":"https:\/\/www.cpureus.com\/es\/soporte-formulacion-contratos\/","name":"Soporte formulaci\u00f3n contratos - Cambra de la propietat urbana de Reus","isPartOf":{"@id":"https:\/\/www.cpureus.com\/#website"},"datePublished":"2021-08-17T17:16:55+00:00","dateModified":"2022-04-21T07:20:25+00:00","breadcrumb":{"@id":"https:\/\/www.cpureus.com\/es\/soporte-formulacion-contratos\/#breadcrumb"},"inLanguage":"es","potentialAction":[{"@type":"ReadAction","target":["https:\/\/www.cpureus.com\/es\/soporte-formulacion-contratos\/"]}]},{"@type":"BreadcrumbList","@id":"https:\/\/www.cpureus.com\/es\/soporte-formulacion-contratos\/#breadcrumb","itemListElement":[{"@type":"ListItem","position":1,"name":"Inici","item":"https:\/\/www.cpureus.com\/es\/"},{"@type":"ListItem","position":2,"name":"Soporte formulaci\u00f3n contratos"}]},{"@type":"WebSite","@id":"https:\/\/www.cpureus.com\/#website","url":"https:\/\/www.cpureus.com\/","name":"Cambra de la propietat urbana de Reus","description":"Cambra de la propietat urbana de Reus","potentialAction":[{"@type":"SearchAction","target":{"@type":"EntryPoint","urlTemplate":"https:\/\/www.cpureus.com\/?s={search_term_string}"},"query-input":{"@type":"PropertyValueSpecification","valueRequired":true,"valueName":"search_term_string"}}],"inLanguage":"es"}]}},"_links":{"self":[{"href":"https:\/\/www.cpureus.com\/es\/wp-json\/wp\/v2\/pages\/10433","targetHints":{"allow":["GET"]}}],"collection":[{"href":"https:\/\/www.cpureus.com\/es\/wp-json\/wp\/v2\/pages"}],"about":[{"href":"https:\/\/www.cpureus.com\/es\/wp-json\/wp\/v2\/types\/page"}],"author":[{"embeddable":true,"href":"https:\/\/www.cpureus.com\/es\/wp-json\/wp\/v2\/users\/1"}],"replies":[{"embeddable":true,"href":"https:\/\/www.cpureus.com\/es\/wp-json\/wp\/v2\/comments?post=10433"}],"version-history":[{"count":24,"href":"https:\/\/www.cpureus.com\/es\/wp-json\/wp\/v2\/pages\/10433\/revisions"}],"predecessor-version":[{"id":12591,"href":"https:\/\/www.cpureus.com\/es\/wp-json\/wp\/v2\/pages\/10433\/revisions\/12591"}],"wp:attachment":[{"href":"https:\/\/www.cpureus.com\/es\/wp-json\/wp\/v2\/media?parent=10433"}],"curies":[{"name":"wp","href":"https:\/\/api.w.org\/{rel}","templated":true}]}}