{"id":8085,"date":"2021-03-30T07:41:58","date_gmt":"2021-03-30T07:41:58","guid":{"rendered":"http:\/\/www.cpureus.com\/inici\/"},"modified":"2023-10-06T11:32:48","modified_gmt":"2023-10-06T09:32:48","slug":"inicio","status":"publish","type":"page","link":"https:\/\/www.cpureus.com\/es\/","title":{"rendered":"Inicio"},"content":{"rendered":"<p>[et_pb_section fb_built=&#8221;1&#8243; fullwidth=&#8221;on&#8221; custom_padding_last_edited=&#8221;on|phone&#8221; _builder_version=&#8221;4.16&#8243; _module_preset=&#8221;default&#8221; background_color=&#8221;#5a6771&#8243; background_enable_image=&#8221;off&#8221; background_position=&#8221;bottom_center&#8221; custom_margin=&#8221;0px|0px|0px|0px|false|false&#8221; custom_padding=&#8221;10px|0px|10px|0px|false|false&#8221; custom_padding_tablet=&#8221;&#8221; custom_padding_phone=&#8221;60px||||false|false&#8221; global_colors_info=&#8221;{}&#8221;][et_pb_fullwidth_header title=&#8221;SOMOS TODO LO QUE EL PROPIETARIO NECESITA&#8221; _builder_version=&#8221;4.16&#8243; _module_preset=&#8221;default&#8221; title_font=&#8221;Julius Sans One|||on|||||&#8221; title_text_align=&#8221;center&#8221; title_font_size=&#8221;40px&#8221; title_line_height=&#8221;1.8em&#8221; content_font=&#8221;Ubuntu|300|||||||&#8221; content_font_size=&#8221;25px&#8221; background_enable_color=&#8221;off&#8221; custom_margin=&#8221;0px|0px|0px|0px|false|false&#8221; custom_padding=&#8221;0px|0px|0px|0px|false|false&#8221; title_text_shadow_style=&#8221;preset3&#8243; content_text_shadow_style=&#8221;preset5&#8243; global_colors_info=&#8221;{}&#8221;][\/et_pb_fullwidth_header][\/et_pb_section][et_pb_section fb_built=&#8221;1&#8243; _builder_version=&#8221;4.16&#8243; _module_preset=&#8221;default&#8221; background_color=&#8221;#FFFFFF&#8221; custom_margin=&#8221;0px|0px|0px|0px|false|false&#8221; custom_padding=&#8221;10px|0px|10px|0px|false|false&#8221; global_colors_info=&#8221;{}&#8221;][et_pb_row _builder_version=&#8221;4.16&#8243; _module_preset=&#8221;default&#8221; global_colors_info=&#8221;{}&#8221;][et_pb_column type=&#8221;4_4&#8243; _builder_version=&#8221;4.16&#8243; _module_preset=&#8221;default&#8221; global_colors_info=&#8221;{}&#8221;][et_pb_text _builder_version=&#8221;4.16&#8243; _module_preset=&#8221;default&#8221; text_font=&#8221;Ubuntu|300|||||||&#8221; text_text_color=&#8221;#000000&#8243; text_font_size=&#8221;38px&#8221; text_line_height=&#8221;1.1em&#8221; text_orientation=&#8221;center&#8221; custom_margin=&#8221;10px|10px|10px|10px|false|false&#8221; custom_padding=&#8221;10px|10px|10px|10px|false|false&#8221; global_colors_info=&#8221;{}&#8221;]<\/p>\n<p>Liderando la defensa de los propietarios<\/p>\n<p>[\/et_pb_text][et_pb_text _builder_version=&#8221;4.16&#8243; _module_preset=&#8221;default&#8221; text_font=&#8221;Ubuntu|300|||||||&#8221; text_text_color=&#8221;#000000&#8243; text_font_size=&#8221;38px&#8221; text_line_height=&#8221;1.1em&#8221; text_orientation=&#8221;center&#8221; custom_margin=&#8221;10px|10px|10px|10px|false|false&#8221; custom_padding=&#8221;10px|10px|10px|10px|false|false&#8221; global_colors_info=&#8221;{}&#8221;]<\/p>\n<p>Innovando y compartiendo experiencias<\/p>\n<p>[\/et_pb_text][et_pb_text _builder_version=&#8221;4.16&#8243; _module_preset=&#8221;default&#8221; text_font=&#8221;Ubuntu|300|||||||&#8221; text_text_color=&#8221;rgba(0,0,0,0.5)&#8221; text_font_size=&#8221;30px&#8221; text_orientation=&#8221;center&#8221; custom_margin=&#8221;10px|10px|10px|10px|false|false&#8221; custom_padding=&#8221;10px|10px|10px|10px|false|false&#8221; global_colors_info=&#8221;{}&#8221;]<\/p>\n<p>We care. We innovate. We lead<\/p>\n<p>[\/et_pb_text][\/et_pb_column][\/et_pb_row][\/et_pb_section][et_pb_section fb_built=&#8221;1&#8243; admin_label=&#8221;Latest News Section&#8221; _builder_version=&#8221;4.16&#8243; background_color=&#8221;#FFFFFF&#8221; custom_padding=&#8221;30px||30px||false|false&#8221; global_colors_info=&#8221;{}&#8221;][et_pb_row _builder_version=&#8221;4.16&#8243; _module_preset=&#8221;default&#8221; global_colors_info=&#8221;{}&#8221;][et_pb_column type=&#8221;4_4&#8243; _builder_version=&#8221;4.16&#8243; _module_preset=&#8221;default&#8221; global_colors_info=&#8221;{}&#8221;][et_pb_text _builder_version=&#8221;4.16&#8243; _module_preset=&#8221;default&#8221; text_font=&#8221;Julius Sans One|700|||||||&#8221; text_text_color=&#8221;#c4261e&#8221; text_font_size=&#8221;38px&#8221; global_colors_info=&#8221;{}&#8221;]<\/p>\n<p>Noticias<\/p>\n<p>[\/et_pb_text][et_pb_divider color=&#8221;#444444&#8243; divider_weight=&#8221;3px&#8221; _builder_version=&#8221;4.16&#8243; _module_preset=&#8221;default&#8221; width=&#8221;100px&#8221; global_colors_info=&#8221;{}&#8221;][\/et_pb_divider][\/et_pb_column][\/et_pb_row][et_pb_row use_custom_gutter=&#8221;on&#8221; gutter_width=&#8221;2&#8243; make_equal=&#8221;on&#8221; admin_label=&#8221;Latest News Area&#8221; _builder_version=&#8221;4.16&#8243; width=&#8221;95%&#8221; max_width=&#8221;1280px&#8221; module_alignment=&#8221;center&#8221; custom_margin=&#8221;0px|0px|0px|0px|false|false&#8221; custom_padding=&#8221;20px|0px|20px|0px|false|false&#8221; use_custom_width=&#8221;on&#8221; custom_width_px=&#8221;1280px&#8221; global_colors_info=&#8221;{}&#8221;][et_pb_column type=&#8221;4_4&#8243; _builder_version=&#8221;4.16&#8243; custom_padding=&#8221;0px|0px|0px|0px|false|false&#8221; global_colors_info=&#8221;{}&#8221; custom_padding__hover=&#8221;|||&#8221;][et_pb_blog fullwidth=&#8221;off&#8221; posts_number=&#8221;3&#8243; include_categories=&#8221;all&#8221; excerpt_length=&#8221;100&#8243; show_more=&#8221;on&#8221; show_author=&#8221;off&#8221; show_pagination=&#8221;off&#8221; _builder_version=&#8221;4.16&#8243; header_font=&#8221;Ubuntu||||||||&#8221; header_text_color=&#8221;#000000&#8243; header_font_size=&#8221;18px&#8221; header_line_height=&#8221;1.6em&#8221; body_font=&#8221;Ubuntu|300|||||||&#8221; body_text_color=&#8221;#404040&#8243; body_font_size=&#8221;16px&#8221; meta_font=&#8221;Ubuntu||on||||||&#8221; meta_text_color=&#8221;#9a9a9a&#8221; meta_line_height=&#8221;1.5em&#8221; read_more_font=&#8221;Ubuntu||||||||&#8221; read_more_text_color=&#8221;#c4261e&#8221; pagination_font=&#8221;|700||on|||||&#8221; pagination_text_color=&#8221;#ffa40d&#8221; pagination_font_size=&#8221;16px&#8221; pagination_letter_spacing=&#8221;1px&#8221; animation_style=&#8221;fade&#8221; border_width_all=&#8221;0px&#8221; border_color_all=&#8221;#d8d8d8&#8243; border_style_all=&#8221;solid&#8221; border_width_all_fullwidth=&#8221;1px&#8221; border_color_all_fullwidth=&#8221;#d8d8d8&#8243; border_style_all_fullwidth=&#8221;solid&#8221; box_shadow_style=&#8221;preset1&#8243; box_shadow_vertical=&#8221;15px&#8221; box_shadow_blur=&#8221;60px&#8221; box_shadow_color=&#8221;rgba(29,61,71,0.2)&#8221; use_border_color=&#8221;on&#8221; global_colors_info=&#8221;{}&#8221;][\/et_pb_blog][\/et_pb_column][\/et_pb_row][\/et_pb_section][et_pb_section fb_built=&#8221;1&#8243; _builder_version=&#8221;4.9.0&#8243; _module_preset=&#8221;default&#8221; background_color=&#8221;rgba(71,71,71,0.1)&#8221; custom_margin=&#8221;0px|0px|0px|0px|false|false&#8221; custom_padding=&#8221;30px|30px|30px|30px|false|false&#8221; global_module=&#8221;9521&#8243; saved_tabs=&#8221;all&#8221; global_colors_info=&#8221;{}&#8221;][et_pb_row column_structure=&#8221;1_3,1_3,1_3&#8243; use_custom_gutter=&#8221;on&#8221; make_equal=&#8221;on&#8221; _builder_version=&#8221;4.16&#8243; _module_preset=&#8221;default&#8221; width=&#8221;95%&#8221; module_alignment=&#8221;center&#8221; custom_margin=&#8221;20px|20px|20px|20px|false|false&#8221; custom_padding=&#8221;20px|20px|20px|20px|false|false&#8221; border_radii=&#8221;on|10px|10px|10px|10px&#8221; border_width_all=&#8221;1px&#8221; border_color_all=&#8221;#FFFFFF&#8221; global_colors_info=&#8221;{}&#8221;][et_pb_column type=&#8221;1_3&#8243; _builder_version=&#8221;4.16&#8243; _module_preset=&#8221;default&#8221; global_colors_info=&#8221;{}&#8221;][et_pb_text _builder_version=&#8221;4.16&#8243; _module_preset=&#8221;default&#8221; text_font=&#8221;Ubuntu|300|||||||&#8221; text_text_color=&#8221;#404040&#8243; global_colors_info=&#8221;{}&#8221;]<\/p>\n<p><strong>Horarios ma\u00f1anas:<\/strong><\/p>\n<p>Lunes a Viernes\u00a0 de 8h a 14h<\/p>\n<p><strong>Horario tardes:<\/strong><\/p>\n<p>Martes y Jueves de 16h a 19h<\/p>\n<p><strong>Horario de fianzas ma\u00f1anas:<\/strong><\/p>\n<p>Lunes a Viernes\u00a0 de 8h a 13h<\/p>\n<p><strong>Horario de fianzas tardes:<\/strong><\/p>\n<p>Martes y jueves de 16h a 18h<\/p>\n<p>[\/et_pb_text][et_pb_text disabled_on=&#8221;on|on|on&#8221; _builder_version=&#8221;4.16&#8243; _module_preset=&#8221;default&#8221; text_font=&#8221;Ubuntu|300|||||||&#8221; text_text_color=&#8221;#404040&#8243; disabled=&#8221;on&#8221; global_colors_info=&#8221;{}&#8221;]<\/p>\n<p><strong>Horario verano:\u00a0<\/strong><\/p>\n<p>1de Julio a 31 de Agosto<\/p>\n<p>De Lunes a Viernes de 8h a 14h.<\/p>\n<p>[\/et_pb_text][\/et_pb_column][et_pb_column type=&#8221;1_3&#8243; _builder_version=&#8221;4.16&#8243; _module_preset=&#8221;default&#8221; global_colors_info=&#8221;{}&#8221;][et_pb_text _builder_version=&#8221;4.16&#8243; _module_preset=&#8221;default&#8221; text_font=&#8221;Ubuntu|300|||||||&#8221; text_text_color=&#8221;#404040&#8243; global_colors_info=&#8221;{}&#8221;]<\/p>\n<p><strong>Oficina Reus:<\/strong><\/p>\n<p>Pla\u00e7a Catalunya 5<\/p>\n<p>43201 Reus<\/p>\n<p>Telf. 977 127 700<\/p>\n<p><a href=\"mailto:info@cpureus.com\">info@cpureus.com<\/a><\/p>\n<p>[\/et_pb_text][et_pb_code _builder_version=&#8221;4.16&#8243; _module_preset=&#8221;default&#8221; module_alignment=&#8221;center&#8221; custom_margin=&#8221;0px|0px|0px|0px|false|false&#8221; custom_padding=&#8221;0px|0px|0px|0px|false|false&#8221; global_colors_info=&#8221;{}&#8221;]<iframe src=\"https:\/\/www.google.com\/maps\/embed?pb=!1m18!1m12!1m3!1d750.9991958785408!2d1.1109571127168967!3d41.15642152308044!2m3!1f0!2f0!3f0!3m2!1i1024!2i768!4f13.1!3m3!1m2!1s0x12a1511dd8bb1097%3A0x1caec06273a8dd45!2sCambra%20de%20la%20Propietat%20Urbana%20de%20Reus!5e0!3m2!1ses!2ses!4v1617117094440!5m2!1ses!2ses\" width=\"600\" height=\"250\" style=\"border:0;\" allowfullscreen=\"\" loading=\"lazy\"><\/iframe>[\/et_pb_code][\/et_pb_column][et_pb_column type=&#8221;1_3&#8243; _builder_version=&#8221;4.16&#8243; _module_preset=&#8221;default&#8221; global_colors_info=&#8221;{}&#8221;][et_pb_text _builder_version=&#8221;4.16&#8243; _module_preset=&#8221;default&#8221; text_font=&#8221;Ubuntu|300|||||||&#8221; text_text_color=&#8221;#404040&#8243; global_colors_info=&#8221;{}&#8221;]<\/p>\n<p><strong>Oficina Cambrils:<br \/> <\/strong><\/p>\n<p>Pla\u00e7a de la Vila 12<\/p>\n<p>43850 Cambrils<\/p>\n<p>Telf. 977 792 056<\/p>\n<p><a href=\"mailto:info@cpureus.com\">info@cpureus.com<\/a><\/p>\n<p>[\/et_pb_text][et_pb_code _builder_version=&#8221;4.16&#8243; _module_preset=&#8221;default&#8221; global_colors_info=&#8221;{}&#8221;]<iframe src=\"https:\/\/www.google.com\/maps\/embed?pb=!1m18!1m12!1m3!1d375.9676739373295!2d1.0529639980125798!3d41.07464519047775!2m3!1f0!2f0!3f0!3m2!1i1024!2i768!4f13.1!3m3!1m2!1s0x12a144d619ff0e2b%3A0xc8d028352438839e!2sCambra%20de%20la%20Propietat%20Urbana%20de%20Reus%2C%20Delegaci%C3%B3%20de%20Cambrils!5e0!3m2!1ses!2ses!4v1617177452718!5m2!1ses!2ses\" width=\"600\" height=\"250\" style=\"border:0;\" allowfullscreen=\"\" loading=\"lazy\"><\/iframe>[\/et_pb_code][\/et_pb_column][\/et_pb_row][\/et_pb_section][et_pb_section fb_built=&#8221;1&#8243; _builder_version=&#8221;4.9.0&#8243; _module_preset=&#8221;default&#8221; custom_margin=&#8221;0px|0px|0px|0px|false|false&#8221; custom_padding=&#8221;10px|0px|10px|0px|false|false&#8221; global_module=&#8221;9523&#8243; saved_tabs=&#8221;all&#8221; global_colors_info=&#8221;{}&#8221;][et_pb_row column_structure=&#8221;1_4,1_4,1_2&#8243; _builder_version=&#8221;4.16&#8243; _module_preset=&#8221;default&#8221; module_alignment=&#8221;center&#8221; custom_margin=&#8221;0px|0px|0px|0px|false|false&#8221; custom_padding=&#8221;0px|0px|0px|0px|false|false&#8221; global_colors_info=&#8221;{}&#8221;][et_pb_column type=&#8221;1_4&#8243; _builder_version=&#8221;4.16&#8243; _module_preset=&#8221;default&#8221; global_colors_info=&#8221;{}&#8221;][et_pb_image src=&#8221;https:\/\/www.cpureus.com\/wp-content\/uploads\/2021\/03\/logo-petit-web-1.png&#8221; title_text=&#8221;logo-petit-web-1&#8243; align=&#8221;center&#8221; _builder_version=&#8221;4.16&#8243; _module_preset=&#8221;default&#8221; width=&#8221;60%&#8221; module_alignment=&#8221;center&#8221; custom_margin=&#8221;20px|0px|0px|0px|false|false&#8221; custom_padding=&#8221;0px|0px|0px|0px|false|false&#8221; global_colors_info=&#8221;{}&#8221;][\/et_pb_image][\/et_pb_column][et_pb_column type=&#8221;1_4&#8243; _builder_version=&#8221;4.16&#8243; _module_preset=&#8221;default&#8221; global_colors_info=&#8221;{}&#8221;][et_pb_image src=&#8221;https:\/\/www.cpureus.com\/wp-content\/uploads\/2021\/04\/URV-Facultat-de-ciencies-juridiques.png&#8221; title_text=&#8221;URV Facultat de ci\u00e8ncies jur\u00eddiques&#8221; align=&#8221;center&#8221; _builder_version=&#8221;4.16&#8243; _module_preset=&#8221;default&#8221; width=&#8221;60%&#8221; module_alignment=&#8221;center&#8221; custom_margin=&#8221;20px|0px|0px|0px|false|false&#8221; custom_padding=&#8221;0px|0px|0px|0px|false|false&#8221; global_colors_info=&#8221;{}&#8221;][\/et_pb_image][\/et_pb_column][et_pb_column type=&#8221;1_2&#8243; _builder_version=&#8221;4.16&#8243; _module_preset=&#8221;default&#8221; global_colors_info=&#8221;{}&#8221;][et_pb_text _builder_version=&#8221;4.16&#8243; _module_preset=&#8221;default&#8221; text_font=&#8221;Ubuntu|300|||||||&#8221; text_text_color=&#8221;#000000&#8243; text_font_size=&#8221;25px&#8221; text_line_height=&#8221;1em&#8221; text_orientation=&#8221;center&#8221; global_colors_info=&#8221;{}&#8221;]<\/p>\n<p>Apostamos por la formaci\u00f3n de nuevos valores<\/p>\n<p><span style=\"color: #999999;\">We believe in developing new talent<\/span><\/p>\n<p>[\/et_pb_text][\/et_pb_column][\/et_pb_row][et_pb_row use_custom_gutter=&#8221;on&#8221; gutter_width=&#8221;2&#8243; make_equal=&#8221;on&#8221; _builder_version=&#8221;4.16&#8243; _module_preset=&#8221;default&#8221; width=&#8221;90%&#8221; module_alignment=&#8221;center&#8221; custom_margin=&#8221;0px|0px|0px|0px|false|false&#8221; custom_padding=&#8221;20px|0px|20px|0px|false|false&#8221; global_colors_info=&#8221;{}&#8221;][et_pb_column type=&#8221;4_4&#8243; _builder_version=&#8221;4.16&#8243; _module_preset=&#8221;default&#8221; global_colors_info=&#8221;{}&#8221;][et_pb_text _builder_version=&#8221;4.16&#8243; _module_preset=&#8221;default&#8221; text_font=&#8221;Ubuntu|300|||||||&#8221; text_text_color=&#8221;#232323&#8243; text_font_size=&#8221;16px&#8221; text_line_height=&#8221;1.4em&#8221; text_orientation=&#8221;center&#8221; global_colors_info=&#8221;{}&#8221;]<\/p>\n<p>En conveniocon la Universidad Rovira i Virgili (URV) formamos alumnos de final de la carrera de Ciencias Jur\u00eddicas, donde adquierenexperienciay facilidades para la incorporaci\u00f3nen el mundo laboral.<\/p>\n<p>La C\u00e1mara con el conocimiento y la innovaci\u00f3n.<\/p>\n<p>[\/et_pb_text][\/et_pb_column][\/et_pb_row][\/et_pb_section][et_pb_section fb_built=&#8221;1&#8243; _builder_version=&#8221;4.16&#8243; _module_preset=&#8221;default&#8221; background_color=&#8221;#f2f2f2&#8243; module_alignment=&#8221;center&#8221; custom_margin=&#8221;0px|0px|0px|0px|false|false&#8221; custom_padding=&#8221;0px|0px|0px|0px|false|false&#8221; global_colors_info=&#8221;{}&#8221;][et_pb_row use_custom_gutter=&#8221;on&#8221; gutter_width=&#8221;2&#8243; make_equal=&#8221;on&#8221; _builder_version=&#8221;4.16&#8243; _module_preset=&#8221;default&#8221; module_alignment=&#8221;center&#8221; custom_margin=&#8221;0px|0px|0px|0px|false|false&#8221; custom_padding=&#8221;0px|0px|0px|0px|false|false&#8221; global_colors_info=&#8221;{}&#8221;][et_pb_column type=&#8221;4_4&#8243; _builder_version=&#8221;4.16&#8243; _module_preset=&#8221;default&#8221; global_colors_info=&#8221;{}&#8221;][et_pb_text _builder_version=&#8221;4.16&#8243; _module_preset=&#8221;default&#8221; text_font=&#8221;Ubuntu|300|||||||&#8221; text_text_color=&#8221;#000000&#8243; text_font_size=&#8221;15px&#8221; text_orientation=&#8221;center&#8221; global_colors_info=&#8221;{}&#8221;]<\/p>\n<p>La C\u00e1mara de la Propiedad Urbana de Reus forma parte de la <a href=\"https:\/\/www.tupropiedadurbana.com\" target=\"_blank\" rel=\"noopener\">Confederaci\u00f3n de C\u00e1maras de Espa\u00f1a<\/a><\/p>\n<p>[\/et_pb_text][\/et_pb_column][\/et_pb_row][\/et_pb_section][et_pb_section fb_built=&#8221;1&#8243; _builder_version=&#8221;4.9.0&#8243; _module_preset=&#8221;default&#8221; background_color=&#8221;#3a3a3a&#8221; custom_margin=&#8221;0px|0px|0px|0px|false|false&#8221; custom_padding=&#8221;0px|0px|0px|0px|false|false&#8221; global_module=&#8221;10527&#8243; saved_tabs=&#8221;all&#8221; global_colors_info=&#8221;{}&#8221;][et_pb_row use_custom_gutter=&#8221;on&#8221; gutter_width=&#8221;2&#8243; make_equal=&#8221;on&#8221; _builder_version=&#8221;4.16&#8243; _module_preset=&#8221;default&#8221; width=&#8221;95%&#8221; module_alignment=&#8221;center&#8221; custom_margin=&#8221;0px|0px|0px|0px|false|false&#8221; custom_padding=&#8221;20px|20px|20px|20px|false|false&#8221; global_colors_info=&#8221;{}&#8221;][et_pb_column type=&#8221;4_4&#8243; _builder_version=&#8221;4.16&#8243; _module_preset=&#8221;default&#8221; global_colors_info=&#8221;{}&#8221;][et_pb_text disabled_on=&#8221;off|off|on&#8221; _builder_version=&#8221;4.16&#8243; _module_preset=&#8221;default&#8221; text_font=&#8221;Ubuntu||||||||&#8221; text_text_color=&#8221;#FFFFFF&#8221; text_font_size=&#8221;15px&#8221; text_line_height=&#8221;1.4em&#8221; text_orientation=&#8221;center&#8221; global_colors_info=&#8221;{}&#8221;]<\/p>\n<p>Protecci\u00f3n de datos y cookies<\/p>\n<p>[\/et_pb_text][et_pb_menu menu_id=&#8221;29&#8243; menu_style=&#8221;centered&#8221; active_link_color=&#8221;#FFFFFF&#8221; dropdown_menu_bg_color=&#8221;#3a3a3a&#8221; dropdown_menu_text_color=&#8221;#FFFFFF&#8221; mobile_menu_bg_color=&#8221;#3a3a3a&#8221; mobile_menu_text_color=&#8221;#FFFFFF&#8221; _builder_version=&#8221;4.16&#8243; _module_preset=&#8221;default&#8221; menu_font=&#8221;Ubuntu|300|||||||&#8221; menu_text_color=&#8221;#FFFFFF&#8221; menu_font_size=&#8221;15px&#8221; background_enable_color=&#8221;off&#8221; background_layout=&#8221;dark&#8221; global_colors_info=&#8221;{}&#8221;][\/et_pb_menu][\/et_pb_column][\/et_pb_row][\/et_pb_section]<\/p>\n","protected":false},"excerpt":{"rendered":"<p>Liderando la defensa de los propietariosInnovando y compartiendo experienciasWe care. We innovate. We leadNoticiasHorarios ma\u00f1anas: Lunes a Viernes\u00a0 de 8h a 14h Horario tardes: Martes y Jueves de 16h a 19h Horario de fianzas ma\u00f1anas: Lunes a Viernes\u00a0 de 8h a 13h Horario de fianzas tardes: Martes y jueves de 16h a 18hHorario verano:\u00a0 1de [&hellip;]<\/p>\n","protected":false},"author":1,"featured_media":12712,"parent":0,"menu_order":0,"comment_status":"closed","ping_status":"closed","template":"","meta":{"_et_pb_use_builder":"on","_et_pb_old_content":"","_et_gb_content_width":"","_joinchat":[],"footnotes":""},"class_list":["post-8085","page","type-page","status-publish","has-post-thumbnail","hentry"],"yoast_head":"<!-- This site is optimized with the Yoast SEO plugin v27.1.1 - https:\/\/yoast.com\/product\/yoast-seo-wordpress\/ -->\n<title>Cambra de la Propietat Urbana de Reus<\/title>\n<meta name=\"description\" content=\"Cambra de la Propietat Urbana de Reus - Oficina central a Reus i Oficina a Cambrils , Som tot el que el propietari necessita.\" \/>\n<meta name=\"robots\" content=\"index, follow, max-snippet:-1, max-image-preview:large, max-video-preview:-1\" \/>\n<link rel=\"canonical\" href=\"https:\/\/www.cpureus.com\/es\/\" \/>\n<meta property=\"og:locale\" content=\"es_ES\" \/>\n<meta property=\"og:type\" content=\"article\" \/>\n<meta property=\"og:title\" content=\"Cambra de la Propietat Urbana de Reus\" \/>\n<meta property=\"og:description\" content=\"Cambra de la Propietat Urbana de Reus - Oficina central a Reus i Oficina a Cambrils , Som tot el que el propietari necessita.\" \/>\n<meta property=\"og:url\" content=\"https:\/\/www.cpureus.com\/es\/\" \/>\n<meta property=\"og:site_name\" content=\"Cambra de la propietat urbana de Reus\" \/>\n<meta property=\"article:modified_time\" content=\"2023-10-06T09:32:48+00:00\" \/>\n<meta property=\"og:image\" content=\"https:\/\/www.cpureus.com\/wp-content\/uploads\/2022\/05\/LOGO-CAMBRA-DE-LA-PROPIETAT-URBANA-DE-REUS-500-4.jpg\" \/>\n\t<meta property=\"og:image:width\" content=\"500\" \/>\n\t<meta property=\"og:image:height\" content=\"325\" \/>\n\t<meta property=\"og:image:type\" content=\"image\/jpeg\" \/>\n<meta name=\"twitter:card\" content=\"summary_large_image\" \/>\n<meta name=\"twitter:label1\" content=\"Tiempo de lectura\" \/>\n\t<meta name=\"twitter:data1\" content=\"9 minutos\" \/>\n<script type=\"application\/ld+json\" class=\"yoast-schema-graph\">{\"@context\":\"https:\/\/schema.org\",\"@graph\":[{\"@type\":\"WebPage\",\"@id\":\"https:\/\/www.cpureus.com\/es\/\",\"url\":\"https:\/\/www.cpureus.com\/es\/\",\"name\":\"Cambra de la Propietat Urbana de Reus\",\"isPartOf\":{\"@id\":\"https:\/\/www.cpureus.com\/#website\"},\"primaryImageOfPage\":{\"@id\":\"https:\/\/www.cpureus.com\/es\/#primaryimage\"},\"image\":{\"@id\":\"https:\/\/www.cpureus.com\/es\/#primaryimage\"},\"thumbnailUrl\":\"https:\/\/www.cpureus.com\/wp-content\/uploads\/2022\/05\/LOGO-CAMBRA-DE-LA-PROPIETAT-URBANA-DE-REUS-500-4.jpg\",\"datePublished\":\"2021-03-30T07:41:58+00:00\",\"dateModified\":\"2023-10-06T09:32:48+00:00\",\"description\":\"Cambra de la Propietat Urbana de Reus - Oficina central a Reus i Oficina a Cambrils , Som tot el que el propietari necessita.\",\"breadcrumb\":{\"@id\":\"https:\/\/www.cpureus.com\/es\/#breadcrumb\"},\"inLanguage\":\"es\",\"potentialAction\":[{\"@type\":\"ReadAction\",\"target\":[\"https:\/\/www.cpureus.com\/es\/\"]}]},{\"@type\":\"ImageObject\",\"inLanguage\":\"es\",\"@id\":\"https:\/\/www.cpureus.com\/es\/#primaryimage\",\"url\":\"https:\/\/www.cpureus.com\/wp-content\/uploads\/2022\/05\/LOGO-CAMBRA-DE-LA-PROPIETAT-URBANA-DE-REUS-500-4.jpg\",\"contentUrl\":\"https:\/\/www.cpureus.com\/wp-content\/uploads\/2022\/05\/LOGO-CAMBRA-DE-LA-PROPIETAT-URBANA-DE-REUS-500-4.jpg\",\"width\":500,\"height\":325,\"caption\":\"Cambra de la Propietat Urbana de Reus\"},{\"@type\":\"BreadcrumbList\",\"@id\":\"https:\/\/www.cpureus.com\/es\/#breadcrumb\",\"itemListElement\":[{\"@type\":\"ListItem\",\"position\":1,\"name\":\"Inici\",\"item\":\"https:\/\/www.cpureus.com\/es\/\"},{\"@type\":\"ListItem\",\"position\":2,\"name\":\"Inicio\"}]},{\"@type\":\"WebSite\",\"@id\":\"https:\/\/www.cpureus.com\/#website\",\"url\":\"https:\/\/www.cpureus.com\/\",\"name\":\"Cambra de la propietat urbana de Reus\",\"description\":\"Cambra de la propietat urbana de Reus\",\"potentialAction\":[{\"@type\":\"SearchAction\",\"target\":{\"@type\":\"EntryPoint\",\"urlTemplate\":\"https:\/\/www.cpureus.com\/?s={search_term_string}\"},\"query-input\":{\"@type\":\"PropertyValueSpecification\",\"valueRequired\":true,\"valueName\":\"search_term_string\"}}],\"inLanguage\":\"es\"}]}<\/script>\n<!-- \/ Yoast SEO plugin. -->","yoast_head_json":{"title":"Cambra de la Propietat Urbana de Reus","description":"Cambra de la Propietat Urbana de Reus - Oficina central a Reus i Oficina a Cambrils , Som tot el que el propietari necessita.","robots":{"index":"index","follow":"follow","max-snippet":"max-snippet:-1","max-image-preview":"max-image-preview:large","max-video-preview":"max-video-preview:-1"},"canonical":"https:\/\/www.cpureus.com\/es\/","og_locale":"es_ES","og_type":"article","og_title":"Cambra de la Propietat Urbana de Reus","og_description":"Cambra de la Propietat Urbana de Reus - Oficina central a Reus i Oficina a Cambrils , Som tot el que el propietari necessita.","og_url":"https:\/\/www.cpureus.com\/es\/","og_site_name":"Cambra de la propietat urbana de Reus","article_modified_time":"2023-10-06T09:32:48+00:00","og_image":[{"width":500,"height":325,"url":"https:\/\/www.cpureus.com\/wp-content\/uploads\/2022\/05\/LOGO-CAMBRA-DE-LA-PROPIETAT-URBANA-DE-REUS-500-4.jpg","type":"image\/jpeg"}],"twitter_card":"summary_large_image","twitter_misc":{"Tiempo de lectura":"9 minutos"},"schema":{"@context":"https:\/\/schema.org","@graph":[{"@type":"WebPage","@id":"https:\/\/www.cpureus.com\/es\/","url":"https:\/\/www.cpureus.com\/es\/","name":"Cambra de la Propietat Urbana de Reus","isPartOf":{"@id":"https:\/\/www.cpureus.com\/#website"},"primaryImageOfPage":{"@id":"https:\/\/www.cpureus.com\/es\/#primaryimage"},"image":{"@id":"https:\/\/www.cpureus.com\/es\/#primaryimage"},"thumbnailUrl":"https:\/\/www.cpureus.com\/wp-content\/uploads\/2022\/05\/LOGO-CAMBRA-DE-LA-PROPIETAT-URBANA-DE-REUS-500-4.jpg","datePublished":"2021-03-30T07:41:58+00:00","dateModified":"2023-10-06T09:32:48+00:00","description":"Cambra de la Propietat Urbana de Reus - Oficina central a Reus i Oficina a Cambrils , Som tot el que el propietari necessita.","breadcrumb":{"@id":"https:\/\/www.cpureus.com\/es\/#breadcrumb"},"inLanguage":"es","potentialAction":[{"@type":"ReadAction","target":["https:\/\/www.cpureus.com\/es\/"]}]},{"@type":"ImageObject","inLanguage":"es","@id":"https:\/\/www.cpureus.com\/es\/#primaryimage","url":"https:\/\/www.cpureus.com\/wp-content\/uploads\/2022\/05\/LOGO-CAMBRA-DE-LA-PROPIETAT-URBANA-DE-REUS-500-4.jpg","contentUrl":"https:\/\/www.cpureus.com\/wp-content\/uploads\/2022\/05\/LOGO-CAMBRA-DE-LA-PROPIETAT-URBANA-DE-REUS-500-4.jpg","width":500,"height":325,"caption":"Cambra de la Propietat Urbana de Reus"},{"@type":"BreadcrumbList","@id":"https:\/\/www.cpureus.com\/es\/#breadcrumb","itemListElement":[{"@type":"ListItem","position":1,"name":"Inici","item":"https:\/\/www.cpureus.com\/es\/"},{"@type":"ListItem","position":2,"name":"Inicio"}]},{"@type":"WebSite","@id":"https:\/\/www.cpureus.com\/#website","url":"https:\/\/www.cpureus.com\/","name":"Cambra de la propietat urbana de Reus","description":"Cambra de la propietat urbana de Reus","potentialAction":[{"@type":"SearchAction","target":{"@type":"EntryPoint","urlTemplate":"https:\/\/www.cpureus.com\/?s={search_term_string}"},"query-input":{"@type":"PropertyValueSpecification","valueRequired":true,"valueName":"search_term_string"}}],"inLanguage":"es"}]}},"_links":{"self":[{"href":"https:\/\/www.cpureus.com\/es\/wp-json\/wp\/v2\/pages\/8085","targetHints":{"allow":["GET"]}}],"collection":[{"href":"https:\/\/www.cpureus.com\/es\/wp-json\/wp\/v2\/pages"}],"about":[{"href":"https:\/\/www.cpureus.com\/es\/wp-json\/wp\/v2\/types\/page"}],"author":[{"embeddable":true,"href":"https:\/\/www.cpureus.com\/es\/wp-json\/wp\/v2\/users\/1"}],"replies":[{"embeddable":true,"href":"https:\/\/www.cpureus.com\/es\/wp-json\/wp\/v2\/comments?post=8085"}],"version-history":[{"count":21,"href":"https:\/\/www.cpureus.com\/es\/wp-json\/wp\/v2\/pages\/8085\/revisions"}],"predecessor-version":[{"id":13776,"href":"https:\/\/www.cpureus.com\/es\/wp-json\/wp\/v2\/pages\/8085\/revisions\/13776"}],"wp:featuredmedia":[{"embeddable":true,"href":"https:\/\/www.cpureus.com\/es\/wp-json\/wp\/v2\/media\/12712"}],"wp:attachment":[{"href":"https:\/\/www.cpureus.com\/es\/wp-json\/wp\/v2\/media?parent=8085"}],"curies":[{"name":"wp","href":"https:\/\/api.w.org\/{rel}","templated":true}]}}