{"id":9601,"date":"2021-07-06T09:48:49","date_gmt":"2021-07-06T09:48:49","guid":{"rendered":"http:\/\/www.cpureus.com\/?page_id=9601"},"modified":"2023-10-17T15:10:01","modified_gmt":"2023-10-17T13:10:01","slug":"cedulas-de-habitabilidad-y-certificaciones-energeticas","status":"publish","type":"page","link":"https:\/\/www.cpureus.com\/es\/cedulas-de-habitabilidad-y-certificaciones-energeticas\/","title":{"rendered":"C\u00e9dulas de habitabilidad y certificaciones energ\u00e9ticas"},"content":{"rendered":"<p>[et_pb_section fb_built=&#8221;1&#8243; fullwidth=&#8221;on&#8221; custom_padding_last_edited=&#8221;on|phone&#8221; _builder_version=&#8221;4.16&#8243; _module_preset=&#8221;default&#8221; background_color=&#8221;#5a6771&#8243; background_enable_image=&#8221;off&#8221; background_position=&#8221;bottom_center&#8221; custom_margin=&#8221;0px|0px|0px|0px|false|false&#8221; custom_padding=&#8221;10px|0px|10px|0px|false|false&#8221; custom_padding_tablet=&#8221;&#8221; custom_padding_phone=&#8221;100px||||false|false&#8221; global_colors_info=&#8221;{}&#8221;][et_pb_fullwidth_header title=&#8221;C\u00e9dulas de habitabilidad y certificaciones energ\u00e9ticas&#8221; _builder_version=&#8221;4.16&#8243; _module_preset=&#8221;default&#8221; title_font=&#8221;Julius Sans One|||on|||||&#8221; title_text_align=&#8221;center&#8221; title_font_size=&#8221;40px&#8221; title_line_height=&#8221;1.6em&#8221; content_font=&#8221;Ubuntu|300|||||||&#8221; content_font_size=&#8221;25px&#8221; background_enable_color=&#8221;off&#8221; custom_margin=&#8221;0px|0px|0px|0px|false|false&#8221; custom_padding=&#8221;0px|0px|0px|0px|false|false&#8221; title_font_size_tablet=&#8221;&#8221; title_font_size_phone=&#8221;34px&#8221; title_font_size_last_edited=&#8221;on|phone&#8221; title_text_shadow_style=&#8221;preset3&#8243; content_text_shadow_style=&#8221;preset5&#8243; global_colors_info=&#8221;{}&#8221;][\/et_pb_fullwidth_header][\/et_pb_section][et_pb_section fb_built=&#8221;1&#8243; _builder_version=&#8221;4.16&#8243; _module_preset=&#8221;default&#8221; custom_margin=&#8221;0px|0px|0px|0px|false|false&#8221; custom_padding=&#8221;30px|0px|30px|0px|false|false&#8221; global_colors_info=&#8221;{}&#8221;][et_pb_row column_structure=&#8221;1_2,1_2&#8243; use_custom_gutter=&#8221;on&#8221; gutter_width=&#8221;2&#8243; make_equal=&#8221;on&#8221; _builder_version=&#8221;4.16&#8243; _module_preset=&#8221;default&#8221; width=&#8221;95%&#8221; module_alignment=&#8221;center&#8221; global_colors_info=&#8221;{}&#8221;][et_pb_column type=&#8221;1_2&#8243; _builder_version=&#8221;4.16&#8243; _module_preset=&#8221;default&#8221; global_colors_info=&#8221;{}&#8221;][et_pb_image src=&#8221;https:\/\/www.cpureus.com\/wp-content\/uploads\/2023\/05\/A_F5044.jpg&#8221; alt=&#8221;Cambra de la propietat urbana de Reus&#8221; title_text=&#8221;Cambra de la propietat urbana de Reus&#8221; align=&#8221;center&#8221; force_fullwidth=&#8221;on&#8221; _builder_version=&#8221;4.19.5&#8243; _module_preset=&#8221;default&#8221; module_alignment=&#8221;center&#8221; global_colors_info=&#8221;{}&#8221;][\/et_pb_image][\/et_pb_column][et_pb_column type=&#8221;1_2&#8243; _builder_version=&#8221;4.16&#8243; _module_preset=&#8221;default&#8221; global_colors_info=&#8221;{}&#8221;][et_pb_text _builder_version=&#8221;4.16&#8243; _module_preset=&#8221;default&#8221; text_font=&#8221;Ubuntu|300|||||||&#8221; text_text_color=&#8221;#404040&#8243; text_font_size=&#8221;38px&#8221; text_orientation=&#8221;center&#8221; min_height=&#8221;26.8px&#8221; custom_margin=&#8221;50px|0px|0px|0px|false|false&#8221; custom_padding=&#8221;10px|0px|10px|0px|false|false&#8221; global_colors_info=&#8221;{}&#8221;]<\/p>\n<p>La soluci\u00f3n a muchos tr\u00e1mites<\/p>\n<p>[\/et_pb_text][et_pb_text _builder_version=&#8221;4.16&#8243; _module_preset=&#8221;default&#8221; text_font=&#8221;Ubuntu|300|||||||&#8221; text_text_color=&#8221;rgba(64,64,64,0.5)&#8221; text_font_size=&#8221;30px&#8221; text_orientation=&#8221;center&#8221; custom_margin=&#8221;0px|0px|29px|0px|false|false&#8221; custom_padding=&#8221;10px|0px|10px|0px|false|false&#8221; global_colors_info=&#8221;{}&#8221;]<\/p>\n<p>The solution of many procedures<\/p>\n<p>[\/et_pb_text][\/et_pb_column][\/et_pb_row][\/et_pb_section][et_pb_section fb_built=&#8221;1&#8243; _builder_version=&#8221;4.16&#8243; _module_preset=&#8221;default&#8221; custom_margin=&#8221;0px|0px|0px|0px|false|false&#8221; custom_padding=&#8221;30px|0px|30px|0px|false|false&#8221; global_colors_info=&#8221;{}&#8221;][et_pb_row column_structure=&#8221;1_2,1_2&#8243; use_custom_gutter=&#8221;on&#8221; gutter_width=&#8221;2&#8243; make_equal=&#8221;on&#8221; _builder_version=&#8221;4.16&#8243; _module_preset=&#8221;default&#8221; width=&#8221;95%&#8221; width_tablet=&#8221;95%&#8221; width_phone=&#8221;&#8221; width_last_edited=&#8221;on|phone&#8221; max_width=&#8221;1400px&#8221; module_alignment=&#8221;center&#8221; custom_margin=&#8221;0px|0px|0px|0px|false|false&#8221; custom_padding=&#8221;10px|10px|10px|10px|false|false&#8221; border_width_all=&#8221;1px&#8221; border_color_all=&#8221;#cccccc&#8221; global_colors_info=&#8221;{}&#8221;][et_pb_column type=&#8221;1_2&#8243; _builder_version=&#8221;4.16&#8243; _module_preset=&#8221;default&#8221; custom_padding=&#8221;10px|10px|10px|10px|false|false&#8221; global_colors_info=&#8221;{}&#8221;][et_pb_text _builder_version=&#8221;4.16&#8243; _module_preset=&#8221;default&#8221; header_2_font=&#8221;Julius Sans One||||||||&#8221; header_2_text_color=&#8221;#C4261E&#8221; header_2_font_size=&#8221;38px&#8221; global_colors_info=&#8221;{}&#8221;]<\/p>\n<h2>C\u00e9dulas de habitabilidad<\/h2>\n<p>[\/et_pb_text][et_pb_divider divider_weight=&#8221;3px&#8221; _builder_version=&#8221;4.16&#8243; _module_preset=&#8221;default&#8221; width=&#8221;100px&#8221; module_alignment=&#8221;left&#8221; custom_margin=&#8221;0px|0px|0px|0px|false|false&#8221; custom_padding=&#8221;0px|0px|0px|0px|false|false&#8221; global_colors_info=&#8221;{}&#8221;][\/et_pb_divider][et_pb_text ul_type=&#8221;square&#8221; _builder_version=&#8221;4.16&#8243; _module_preset=&#8221;default&#8221; text_font=&#8221;Ubuntu|300|||||||&#8221; text_text_color=&#8221;#404040&#8243; text_font_size=&#8221;20px&#8221; ul_font=&#8221;Ubuntu||||||||&#8221; ul_line_height=&#8221;1.8em&#8221; global_colors_info=&#8221;{}&#8221;]<\/p>\n<ul>\n<li>\n<p>Es un documento obligatorio para alquilar o vender una <strong>vivienda<\/strong>\u00a0o para contratar los servicios de agua, gas, electricidad y telecomunicaciones.<\/p>\n<\/li>\n<\/ul>\n<p>[\/et_pb_text][et_pb_text _builder_version=&#8221;4.16&#8243; _module_preset=&#8221;default&#8221; text_font=&#8221;Julius Sans One|700||on|||||&#8221; text_text_color=&#8221;#c4261e&#8221; text_font_size=&#8221;30px&#8221; global_colors_info=&#8221;{}&#8221;]<\/p>\n<p>Qu\u00e9 hacemos:<\/p>\n<p>[\/et_pb_text][et_pb_toggle title=&#8221;Para tu comodidad, nos ocupamos de todos los tr\u00e1mites &#8221; open_toggle_text_color=&#8221;#000000&#8243; closed_toggle_background_color=&#8221;#f9f9f9&#8243; icon_color=&#8221;#c4261e&#8221; open_icon_color=&#8221;#c4261e&#8221; _builder_version=&#8221;4.16&#8243; _module_preset=&#8221;default&#8221; title_text_color=&#8221;#000000&#8243; title_font=&#8221;Ubuntu|500|||||||&#8221; title_font_size=&#8221;20px&#8221; title_line_height=&#8221;1.6em&#8221; closed_title_font=&#8221;Ubuntu|500|||||||&#8221; closed_title_font_size=&#8221;20px&#8221; closed_title_line_height=&#8221;1.6em&#8221; body_font=&#8221;Ubuntu|300|||||||&#8221; body_text_color=&#8221;#404040&#8243; body_font_size=&#8221;20px&#8221; body_ul_type=&#8221;square&#8221; body_ul_font=&#8221;Ubuntu||||||||&#8221; body_ul_line_height=&#8221;1.8em&#8221; width=&#8221;95%&#8221; width_tablet=&#8221;95%&#8221; width_phone=&#8221;&#8221; width_last_edited=&#8221;on|phone&#8221; module_alignment=&#8221;center&#8221; border_color_all=&#8221;#000000&#8243; global_colors_info=&#8221;{}&#8221;]<\/p>\n<ul>\n<li>El arquitecto de la C\u00e1mara visita el piso<\/li>\n<li>Elaboraci\u00f3n de todos los datos necesarios por parte del arquitecto<\/li>\n<li>Recopilaci\u00f3n de toda la documentaci\u00f3n<\/li>\n<li>Presentaci\u00f3n de la documentaci\u00f3n ante la Generalitat<\/li>\n<li>Expedici\u00f3n de la c\u00e9dula provisional<\/li>\n<li>Seguimiento y comunicaci\u00f3n de incidencias<\/li>\n<li>Recogida de la c\u00e9dula definitiva.<\/li>\n<\/ul>\n<p>[\/et_pb_toggle][et_pb_toggle title=&#8221;Documentaci\u00f3n necesaria para tramitarla &#8221; open_toggle_text_color=&#8221;#000000&#8243; closed_toggle_background_color=&#8221;#f9f9f9&#8243; icon_color=&#8221;#c4261e&#8221; open_icon_color=&#8221;#c4261e&#8221; _builder_version=&#8221;4.16&#8243; _module_preset=&#8221;default&#8221; title_text_color=&#8221;#000000&#8243; title_font=&#8221;Ubuntu|500|||||||&#8221; title_font_size=&#8221;20px&#8221; title_line_height=&#8221;1.6em&#8221; closed_title_font=&#8221;Ubuntu|500|||||||&#8221; closed_title_font_size=&#8221;20px&#8221; closed_title_line_height=&#8221;1.6em&#8221; body_font=&#8221;Ubuntu|300|||||||&#8221; body_text_color=&#8221;#404040&#8243; body_font_size=&#8221;20px&#8221; body_ul_type=&#8221;square&#8221; body_ul_font=&#8221;Ubuntu||||||||&#8221; body_ul_line_height=&#8221;1.8em&#8221; width=&#8221;95%&#8221; width_tablet=&#8221;95%&#8221; width_phone=&#8221;&#8221; width_last_edited=&#8221;on|phone&#8221; module_alignment=&#8221;center&#8221; border_color_all=&#8221;#000000&#8243; global_colors_info=&#8221;{}&#8221;]<\/p>\n<ul>\n<li>Fotocopia del DNI del propietario del piso<\/li>\n<li>Fotocopia del recibo del IBI<\/li>\n<li>Fotocopia de la c\u00e9dula caducada (s\u00f3lo en caso de tenerla)<\/li>\n<\/ul>\n<p>[\/et_pb_toggle][et_pb_toggle title=&#8221;Precio&#8221; open_toggle_text_color=&#8221;#000000&#8243; closed_toggle_background_color=&#8221;#f9f9f9&#8243; icon_color=&#8221;#c4261e&#8221; open_icon_color=&#8221;#c4261e&#8221; _builder_version=&#8221;4.16&#8243; _module_preset=&#8221;default&#8221; title_text_color=&#8221;#000000&#8243; title_font=&#8221;Ubuntu|500|||||||&#8221; title_font_size=&#8221;20px&#8221; title_line_height=&#8221;1.6em&#8221; closed_title_font=&#8221;Ubuntu|500|||||||&#8221; closed_title_font_size=&#8221;20px&#8221; closed_title_line_height=&#8221;1.6em&#8221; body_font=&#8221;Ubuntu|300|||||||&#8221; body_text_color=&#8221;#404040&#8243; body_font_size=&#8221;20px&#8221; body_ul_type=&#8221;square&#8221; body_ul_font=&#8221;Ubuntu||||||||&#8221; width=&#8221;95%&#8221; width_tablet=&#8221;95%&#8221; width_phone=&#8221;&#8221; width_last_edited=&#8221;on|phone&#8221; module_alignment=&#8221;center&#8221; border_color_all=&#8221;#000000&#8243; global_colors_info=&#8221;{}&#8221;]<\/p>\n<ul>\n<li><span>Socio C\u00e1mara 140 \u20ac IVA incluido <\/span><\/li>\n<li><span>No socio 170 \u20ac IVA incluido<\/span><\/li>\n<li><span>Tasa Generalitat (obligatoria) 18 \u20ac\u00a0<\/span><\/li>\n<\/ul>\n<p>[\/et_pb_toggle][et_pb_button button_url=&#8221;https:\/\/www.cpureus.com\/es\/cedulas-de-habitabilidad-y-certificaciones-energeticas\/formulario-cedulas\/&#8221; button_text=&#8221;Pide m\u00e1s informaci\u00f3n&#8221; button_alignment=&#8221;center&#8221; _builder_version=&#8221;4.16&#8243; _module_preset=&#8221;default&#8221; custom_button=&#8221;on&#8221; button_text_color=&#8221;#FFFFFF&#8221; button_bg_color=&#8221;#c4261e&#8221; button_border_width=&#8221;0px&#8221; button_border_radius=&#8221;0px&#8221; button_font=&#8221;Ubuntu||||||||&#8221; global_colors_info=&#8221;{}&#8221;][\/et_pb_button][\/et_pb_column][et_pb_column type=&#8221;1_2&#8243; _builder_version=&#8221;4.16&#8243; _module_preset=&#8221;default&#8221; custom_padding=&#8221;10px|10px|10px|10px|false|false&#8221; border_width_left=&#8221;1px&#8221; border_color_left=&#8221;#afafaf&#8221; border_width_left_tablet=&#8221;0px&#8221; border_width_left_phone=&#8221;&#8221; border_width_left_last_edited=&#8221;on|desktop&#8221; global_colors_info=&#8221;{}&#8221;][et_pb_text _builder_version=&#8221;4.16&#8243; _module_preset=&#8221;default&#8221; header_2_font=&#8221;Julius Sans One||||||||&#8221; header_2_text_color=&#8221;#C4261E&#8221; header_2_font_size=&#8221;38px&#8221; global_colors_info=&#8221;{}&#8221;]<\/p>\n<h2>Certificaci\u00f3n energ\u00e9tica<\/h2>\n<p>[\/et_pb_text][et_pb_divider divider_weight=&#8221;3px&#8221; _builder_version=&#8221;4.16&#8243; _module_preset=&#8221;default&#8221; width=&#8221;100px&#8221; module_alignment=&#8221;left&#8221; custom_margin=&#8221;0px|0px|0px|0px|false|false&#8221; custom_padding=&#8221;0px|0px|0px|0px|false|false&#8221; global_colors_info=&#8221;{}&#8221;][\/et_pb_divider][et_pb_text ul_type=&#8221;square&#8221; _builder_version=&#8221;4.16&#8243; _module_preset=&#8221;default&#8221; text_font=&#8221;Ubuntu|300|||||||&#8221; text_text_color=&#8221;#404040&#8243; text_font_size=&#8221;20px&#8221; ul_font=&#8221;Ubuntu||||||||&#8221; ul_line_height=&#8221;1.8em&#8221; global_colors_info=&#8221;{}&#8221;]<\/p>\n<ul>\n<li>Es un documento obligatorio para alquilar o vender <strong>un piso o un local<\/strong>, como tambi\u00e9n para publicitar que est\u00e1 en alquiler o en venta.<\/li>\n<\/ul>\n<p>&nbsp;<\/p>\n<p>[\/et_pb_text][et_pb_text _builder_version=&#8221;4.16&#8243; _module_preset=&#8221;default&#8221; text_font=&#8221;Julius Sans One|700||on|||||&#8221; text_text_color=&#8221;#c4261e&#8221; text_font_size=&#8221;30px&#8221; global_colors_info=&#8221;{}&#8221;]<\/p>\n<p>Qu\u00e9 hacemos:<\/p>\n<p>[\/et_pb_text][et_pb_toggle title=&#8221;Para tu comodidad, nos ocupamos de todos los tr\u00e1mites&#8221; open_toggle_text_color=&#8221;#000000&#8243; closed_toggle_background_color=&#8221;#f9f9f9&#8243; icon_color=&#8221;#c4261e&#8221; open_icon_color=&#8221;#c4261e&#8221; _builder_version=&#8221;4.16&#8243; _module_preset=&#8221;default&#8221; title_text_color=&#8221;#000000&#8243; title_font=&#8221;Ubuntu|500|||||||&#8221; title_font_size=&#8221;20px&#8221; title_line_height=&#8221;1.6em&#8221; closed_title_font=&#8221;Ubuntu|500|||||||&#8221; closed_title_font_size=&#8221;20px&#8221; closed_title_line_height=&#8221;1.6em&#8221; body_font=&#8221;Ubuntu|300|||||||&#8221; body_text_color=&#8221;#404040&#8243; body_font_size=&#8221;20px&#8221; body_line_height=&#8221;1.8em&#8221; body_ul_type=&#8221;square&#8221; body_ul_font=&#8221;Ubuntu||||||||&#8221; body_ul_line_height=&#8221;1.8em&#8221; width=&#8221;95%&#8221; width_tablet=&#8221;95%&#8221; width_phone=&#8221;&#8221; width_last_edited=&#8221;on|phone&#8221; module_alignment=&#8221;center&#8221; border_color_all=&#8221;#000000&#8243; global_colors_info=&#8221;{}&#8221;]<\/p>\n<ul>\n<li>El arquitecto de la C\u00e1mara visita el piso o local<\/li>\n<li>Recopilaci\u00f3n de todos los datos y confecci\u00f3n de los planos que exige la normativa<\/li>\n<li>Elaboraci\u00f3n del certificado por parte del arquitecto<\/li>\n<li>Presentaci\u00f3n de la documentaci\u00f3n ante la Generalitat<\/li>\n<li>Seguimiento y comunicaci\u00f3n de incidencias<\/li>\n<li>Recogida de la Certificaci\u00f3n definitiva.<\/li>\n<\/ul>\n<p>&nbsp;<\/p>\n<p>Adem\u00e1s, el T\u00e9cnico Certificador de la C\u00e1mara puede:<\/p>\n<ul>\n<li>Asesorar de las medidas para mejorar el ahorro energ\u00e9tico.<\/li>\n<li>Dar un soporte t\u00e9cnico y asesor\u00eda energ\u00e9tica seg\u00fan las nuevas normativas.<\/li>\n<\/ul>\n<p>[\/et_pb_toggle][et_pb_toggle title=&#8221;Documentaci\u00f3n necesaria para tramitarla&#8221; open_toggle_text_color=&#8221;#000000&#8243; closed_toggle_background_color=&#8221;#f9f9f9&#8243; icon_color=&#8221;#c4261e&#8221; open_icon_color=&#8221;#c4261e&#8221; _builder_version=&#8221;4.16&#8243; _module_preset=&#8221;default&#8221; title_text_color=&#8221;#000000&#8243; title_font=&#8221;Ubuntu|500|||||||&#8221; title_font_size=&#8221;20px&#8221; title_line_height=&#8221;1.6em&#8221; closed_title_font=&#8221;Ubuntu|500|||||||&#8221; closed_title_font_size=&#8221;20px&#8221; closed_title_line_height=&#8221;1.6em&#8221; body_font=&#8221;Ubuntu|300|||||||&#8221; body_text_color=&#8221;#404040&#8243; body_font_size=&#8221;20px&#8221; body_ul_type=&#8221;square&#8221; body_ul_font=&#8221;Ubuntu||||||||&#8221; body_ul_line_height=&#8221;1.8em&#8221; width=&#8221;95%&#8221; width_tablet=&#8221;95%&#8221; width_phone=&#8221;&#8221; width_last_edited=&#8221;on|phone&#8221; module_alignment=&#8221;center&#8221; border_color_all=&#8221;#000000&#8243; global_colors_info=&#8221;{}&#8221;]<\/p>\n<ul>\n<li>Fotocopia del DNI del propietario<\/li>\n<li>Fotocopia del recibo del IBI<\/li>\n<\/ul>\n<p>[\/et_pb_toggle][et_pb_toggle title=&#8221;Precio&#8221; open_toggle_text_color=&#8221;#000000&#8243; closed_toggle_background_color=&#8221;#f9f9f9&#8243; icon_color=&#8221;#c4261e&#8221; open_icon_color=&#8221;#c4261e&#8221; _builder_version=&#8221;4.16&#8243; _module_preset=&#8221;default&#8221; title_text_color=&#8221;#000000&#8243; title_font=&#8221;Ubuntu|500|||||||&#8221; title_font_size=&#8221;20px&#8221; title_line_height=&#8221;1.6em&#8221; closed_title_font=&#8221;Ubuntu|500|||||||&#8221; closed_title_font_size=&#8221;20px&#8221; closed_title_line_height=&#8221;1.6em&#8221; body_font=&#8221;Ubuntu|300|||||||&#8221; body_text_color=&#8221;#404040&#8243; body_font_size=&#8221;20px&#8221; body_ul_type=&#8221;square&#8221; body_ul_font=&#8221;Ubuntu||||||||&#8221; body_ul_line_height=&#8221;2em&#8221; width=&#8221;95%&#8221; width_tablet=&#8221;95%&#8221; width_phone=&#8221;&#8221; width_last_edited=&#8221;on|phone&#8221; module_alignment=&#8221;center&#8221; border_color_all=&#8221;#000000&#8243; global_colors_info=&#8221;{}&#8221;]<\/p>\n<ul>\n<li><span>\u200bSocio C\u00e1mara 150 \u20ac IVA incluido<\/span><\/li>\n<li><span>No socio 180 \u20ac IVA incluido<\/span><\/li>\n<li><span>Tasa Generalitat (obligatoria) 15 \u20ac *<\/span>\n<p><em>* La tasa indicada es para pisos y viviendas unifamiliares. Los locales tributan seg\u00fan superficie y los edificios segundos presupuesto.<\/em><em><\/em><\/li>\n<\/ul>\n<p>[\/et_pb_toggle][et_pb_button button_url=&#8221;https:\/\/www.cpureus.com\/es\/cedulas-de-habitabilidad-y-certificaciones-energeticas\/formulario-certficacion-energetica\/&#8221; button_text=&#8221;Pide m\u00e1s informaci\u00f3n&#8221; button_alignment=&#8221;center&#8221; _builder_version=&#8221;4.16&#8243; _module_preset=&#8221;default&#8221; custom_button=&#8221;on&#8221; button_text_color=&#8221;#FFFFFF&#8221; button_bg_color=&#8221;#c4261e&#8221; button_border_width=&#8221;0px&#8221; button_border_radius=&#8221;0px&#8221; button_font=&#8221;Ubuntu||||||||&#8221; global_colors_info=&#8221;{}&#8221;][\/et_pb_button][\/et_pb_column][\/et_pb_row][\/et_pb_section][et_pb_section fb_built=&#8221;1&#8243; _builder_version=&#8221;4.9.0&#8243; _module_preset=&#8221;default&#8221; background_color=&#8221;rgba(71,71,71,0.1)&#8221; custom_margin=&#8221;0px|0px|0px|0px|false|false&#8221; custom_padding=&#8221;30px|30px|30px|30px|false|false&#8221; global_module=&#8221;9521&#8243; saved_tabs=&#8221;all&#8221; global_colors_info=&#8221;{}&#8221;][et_pb_row column_structure=&#8221;1_3,1_3,1_3&#8243; use_custom_gutter=&#8221;on&#8221; make_equal=&#8221;on&#8221; _builder_version=&#8221;4.16&#8243; _module_preset=&#8221;default&#8221; width=&#8221;95%&#8221; module_alignment=&#8221;center&#8221; custom_margin=&#8221;20px|20px|20px|20px|false|false&#8221; custom_padding=&#8221;20px|20px|20px|20px|false|false&#8221; border_radii=&#8221;on|10px|10px|10px|10px&#8221; border_width_all=&#8221;1px&#8221; border_color_all=&#8221;#FFFFFF&#8221; global_colors_info=&#8221;{}&#8221;][et_pb_column type=&#8221;1_3&#8243; _builder_version=&#8221;4.16&#8243; _module_preset=&#8221;default&#8221; global_colors_info=&#8221;{}&#8221;][et_pb_text _builder_version=&#8221;4.16&#8243; _module_preset=&#8221;default&#8221; text_font=&#8221;Ubuntu|300|||||||&#8221; text_text_color=&#8221;#404040&#8243; global_colors_info=&#8221;{}&#8221;]<\/p>\n<p><strong>Horarios ma\u00f1anas:<\/strong><\/p>\n<p>Lunes a Viernes\u00a0 de 8h a 14h<\/p>\n<p><strong>Horario tardes:<\/strong><\/p>\n<p>Martes y Jueves de 16h a 19h<\/p>\n<p><strong>Horario de fianzas ma\u00f1anas:<\/strong><\/p>\n<p>Lunes a Viernes\u00a0 de 8h a 13h<\/p>\n<p><strong>Horario de fianzas tardes:<\/strong><\/p>\n<p>Martes y jueves de 16h a 18h<\/p>\n<p>[\/et_pb_text][et_pb_text disabled_on=&#8221;on|on|on&#8221; _builder_version=&#8221;4.16&#8243; _module_preset=&#8221;default&#8221; text_font=&#8221;Ubuntu|300|||||||&#8221; text_text_color=&#8221;#404040&#8243; disabled=&#8221;on&#8221; global_colors_info=&#8221;{}&#8221;]<\/p>\n<p><strong>Horario verano:\u00a0<\/strong><\/p>\n<p>1de Julio a 31 de Agosto<\/p>\n<p>De Lunes a Viernes de 8h a 14h.<\/p>\n<p>[\/et_pb_text][\/et_pb_column][et_pb_column type=&#8221;1_3&#8243; _builder_version=&#8221;4.16&#8243; _module_preset=&#8221;default&#8221; global_colors_info=&#8221;{}&#8221;][et_pb_text _builder_version=&#8221;4.16&#8243; _module_preset=&#8221;default&#8221; text_font=&#8221;Ubuntu|300|||||||&#8221; text_text_color=&#8221;#404040&#8243; global_colors_info=&#8221;{}&#8221;]<\/p>\n<p><strong>Oficina Reus:<\/strong><\/p>\n<p>Pla\u00e7a Catalunya 5<\/p>\n<p>43201 Reus<\/p>\n<p>Telf. 977 127 700<\/p>\n<p><a href=\"mailto:info@cpureus.com\">info@cpureus.com<\/a><\/p>\n<p>[\/et_pb_text][et_pb_code _builder_version=&#8221;4.16&#8243; _module_preset=&#8221;default&#8221; module_alignment=&#8221;center&#8221; custom_margin=&#8221;0px|0px|0px|0px|false|false&#8221; custom_padding=&#8221;0px|0px|0px|0px|false|false&#8221; global_colors_info=&#8221;{}&#8221;]<iframe src=\"https:\/\/www.google.com\/maps\/embed?pb=!1m18!1m12!1m3!1d750.9991958785408!2d1.1109571127168967!3d41.15642152308044!2m3!1f0!2f0!3f0!3m2!1i1024!2i768!4f13.1!3m3!1m2!1s0x12a1511dd8bb1097%3A0x1caec06273a8dd45!2sCambra%20de%20la%20Propietat%20Urbana%20de%20Reus!5e0!3m2!1ses!2ses!4v1617117094440!5m2!1ses!2ses\" width=\"600\" height=\"250\" style=\"border:0;\" allowfullscreen=\"\" loading=\"lazy\"><\/iframe>[\/et_pb_code][\/et_pb_column][et_pb_column type=&#8221;1_3&#8243; _builder_version=&#8221;4.16&#8243; _module_preset=&#8221;default&#8221; global_colors_info=&#8221;{}&#8221;][et_pb_text _builder_version=&#8221;4.16&#8243; _module_preset=&#8221;default&#8221; text_font=&#8221;Ubuntu|300|||||||&#8221; text_text_color=&#8221;#404040&#8243; global_colors_info=&#8221;{}&#8221;]<\/p>\n<p><strong>Oficina Cambrils:<br \/> <\/strong><\/p>\n<p>Pla\u00e7a de la Vila 12<\/p>\n<p>43850 Cambrils<\/p>\n<p>Telf. 977 792 056<\/p>\n<p><a href=\"mailto:info@cpureus.com\">info@cpureus.com<\/a><\/p>\n<p>[\/et_pb_text][et_pb_code _builder_version=&#8221;4.16&#8243; _module_preset=&#8221;default&#8221; global_colors_info=&#8221;{}&#8221;]<iframe src=\"https:\/\/www.google.com\/maps\/embed?pb=!1m18!1m12!1m3!1d375.9676739373295!2d1.0529639980125798!3d41.07464519047775!2m3!1f0!2f0!3f0!3m2!1i1024!2i768!4f13.1!3m3!1m2!1s0x12a144d619ff0e2b%3A0xc8d028352438839e!2sCambra%20de%20la%20Propietat%20Urbana%20de%20Reus%2C%20Delegaci%C3%B3%20de%20Cambrils!5e0!3m2!1ses!2ses!4v1617177452718!5m2!1ses!2ses\" width=\"600\" height=\"250\" style=\"border:0;\" allowfullscreen=\"\" loading=\"lazy\"><\/iframe>[\/et_pb_code][\/et_pb_column][\/et_pb_row][\/et_pb_section][et_pb_section fb_built=&#8221;1&#8243; _builder_version=&#8221;4.9.0&#8243; _module_preset=&#8221;default&#8221; custom_margin=&#8221;0px|0px|0px|0px|false|false&#8221; custom_padding=&#8221;10px|0px|10px|0px|false|false&#8221; global_module=&#8221;9523&#8243; saved_tabs=&#8221;all&#8221; global_colors_info=&#8221;{}&#8221;][et_pb_row column_structure=&#8221;1_4,1_4,1_2&#8243; _builder_version=&#8221;4.16&#8243; _module_preset=&#8221;default&#8221; module_alignment=&#8221;center&#8221; custom_margin=&#8221;0px|0px|0px|0px|false|false&#8221; custom_padding=&#8221;0px|0px|0px|0px|false|false&#8221; global_colors_info=&#8221;{}&#8221;][et_pb_column type=&#8221;1_4&#8243; _builder_version=&#8221;4.16&#8243; _module_preset=&#8221;default&#8221; global_colors_info=&#8221;{}&#8221;][et_pb_image src=&#8221;https:\/\/www.cpureus.com\/wp-content\/uploads\/2021\/03\/logo-petit-web-1.png&#8221; title_text=&#8221;logo-petit-web-1&#8243; align=&#8221;center&#8221; _builder_version=&#8221;4.16&#8243; _module_preset=&#8221;default&#8221; width=&#8221;60%&#8221; module_alignment=&#8221;center&#8221; custom_margin=&#8221;20px|0px|0px|0px|false|false&#8221; custom_padding=&#8221;0px|0px|0px|0px|false|false&#8221; global_colors_info=&#8221;{}&#8221;][\/et_pb_image][\/et_pb_column][et_pb_column type=&#8221;1_4&#8243; _builder_version=&#8221;4.16&#8243; _module_preset=&#8221;default&#8221; global_colors_info=&#8221;{}&#8221;][et_pb_image src=&#8221;https:\/\/www.cpureus.com\/wp-content\/uploads\/2021\/04\/URV-Facultat-de-ciencies-juridiques.png&#8221; title_text=&#8221;URV Facultat de ci\u00e8ncies jur\u00eddiques&#8221; align=&#8221;center&#8221; _builder_version=&#8221;4.16&#8243; _module_preset=&#8221;default&#8221; width=&#8221;60%&#8221; module_alignment=&#8221;center&#8221; custom_margin=&#8221;20px|0px|0px|0px|false|false&#8221; custom_padding=&#8221;0px|0px|0px|0px|false|false&#8221; global_colors_info=&#8221;{}&#8221;][\/et_pb_image][\/et_pb_column][et_pb_column type=&#8221;1_2&#8243; _builder_version=&#8221;4.16&#8243; _module_preset=&#8221;default&#8221; global_colors_info=&#8221;{}&#8221;][et_pb_text _builder_version=&#8221;4.16&#8243; _module_preset=&#8221;default&#8221; text_font=&#8221;Ubuntu|300|||||||&#8221; text_text_color=&#8221;#000000&#8243; text_font_size=&#8221;25px&#8221; text_line_height=&#8221;1em&#8221; text_orientation=&#8221;center&#8221; global_colors_info=&#8221;{}&#8221;]<\/p>\n<p>Apostamos por la formaci\u00f3n de nuevos valores<\/p>\n<p><span style=\"color: #999999;\">We believe in developing new talent<\/span><\/p>\n<p>[\/et_pb_text][\/et_pb_column][\/et_pb_row][et_pb_row use_custom_gutter=&#8221;on&#8221; gutter_width=&#8221;2&#8243; make_equal=&#8221;on&#8221; _builder_version=&#8221;4.16&#8243; _module_preset=&#8221;default&#8221; width=&#8221;90%&#8221; module_alignment=&#8221;center&#8221; custom_margin=&#8221;0px|0px|0px|0px|false|false&#8221; custom_padding=&#8221;20px|0px|20px|0px|false|false&#8221; global_colors_info=&#8221;{}&#8221;][et_pb_column type=&#8221;4_4&#8243; _builder_version=&#8221;4.16&#8243; _module_preset=&#8221;default&#8221; global_colors_info=&#8221;{}&#8221;][et_pb_text _builder_version=&#8221;4.19.5&#8243; _module_preset=&#8221;default&#8221; text_font=&#8221;Ubuntu|300|||||||&#8221; text_text_color=&#8221;#232323&#8243; text_font_size=&#8221;16px&#8221; text_line_height=&#8221;1.4em&#8221; text_orientation=&#8221;center&#8221; hover_enabled=&#8221;0&#8243; global_colors_info=&#8221;{}&#8221; sticky_enabled=&#8221;0&#8243;]<\/p>\n<p>En convenio con la Universidad Rovira i Virgili (URV) formamos alumnos de final de la carrera de Ciencias Jur\u00eddicas, donde adquieren experiencia y facilidades para la incorporaci\u00f3n en el mundo laboral.<\/p>\n<p>La C\u00e1mara con <em>el conocimiento y la innovaci\u00f3n.<\/em><\/p>\n<p>[\/et_pb_text][\/et_pb_column][\/et_pb_row][\/et_pb_section][et_pb_section fb_built=&#8221;1&#8243; _builder_version=&#8221;4.16&#8243; _module_preset=&#8221;default&#8221; background_color=&#8221;#3a3a3a&#8221; custom_margin=&#8221;0px|0px|0px|0px|false|false&#8221; custom_padding=&#8221;0px|0px|0px|0px|false|false&#8221; saved_tabs=&#8221;all&#8221; global_colors_info=&#8221;{}&#8221;][et_pb_row use_custom_gutter=&#8221;on&#8221; gutter_width=&#8221;2&#8243; make_equal=&#8221;on&#8221; _builder_version=&#8221;4.16&#8243; _module_preset=&#8221;default&#8221; width=&#8221;95%&#8221; module_alignment=&#8221;center&#8221; custom_margin=&#8221;0px|0px|0px|0px|false|false&#8221; custom_padding=&#8221;20px|20px|20px|20px|false|false&#8221; global_colors_info=&#8221;{}&#8221;][et_pb_column type=&#8221;4_4&#8243; _builder_version=&#8221;4.16&#8243; _module_preset=&#8221;default&#8221; global_colors_info=&#8221;{}&#8221;][et_pb_menu menu_id=&#8221;29&#8243; menu_style=&#8221;centered&#8221; active_link_color=&#8221;#FFFFFF&#8221; _builder_version=&#8221;4.16&#8243; _module_preset=&#8221;default&#8221; menu_font=&#8221;Ubuntu|300|||||||&#8221; menu_text_color=&#8221;#FFFFFF&#8221; menu_font_size=&#8221;15px&#8221; background_enable_color=&#8221;off&#8221; background_layout=&#8221;dark&#8221; global_colors_info=&#8221;{}&#8221;][\/et_pb_menu][\/et_pb_column][\/et_pb_row][\/et_pb_section]<\/p>\n","protected":false},"excerpt":{"rendered":"<p>La soluci\u00f3n a muchos tr\u00e1mitesThe solution of many proceduresC\u00e9dulas de habitabilidad Es un documento obligatorio para alquilar o vender una vivienda\u00a0o para contratar los servicios de agua, gas, electricidad y telecomunicaciones. Qu\u00e9 hacemos: El arquitecto de la C\u00e1mara visita el piso Elaboraci\u00f3n de todos los datos necesarios por parte del arquitecto Recopilaci\u00f3n de toda la [&hellip;]<\/p>\n","protected":false},"author":1,"featured_media":12887,"parent":0,"menu_order":9,"comment_status":"closed","ping_status":"closed","template":"","meta":{"_et_pb_use_builder":"on","_et_pb_old_content":"","_et_gb_content_width":"","_joinchat":[],"footnotes":""},"class_list":["post-9601","page","type-page","status-publish","has-post-thumbnail","hentry"],"yoast_head":"<!-- This site is optimized with the Yoast SEO plugin v27.1.1 - https:\/\/yoast.com\/product\/yoast-seo-wordpress\/ -->\n<title>C\u00e9dulas de habitabilidad y certificaciones energ\u00e9ticas - Cambra de la propietat urbana de Reus<\/title>\n<meta name=\"robots\" content=\"index, follow, max-snippet:-1, max-image-preview:large, max-video-preview:-1\" \/>\n<link rel=\"canonical\" href=\"https:\/\/www.cpureus.com\/cedules-dhabitabilitat-i-certificacions-energetiques\/\" \/>\n<meta property=\"og:locale\" content=\"es_ES\" \/>\n<meta property=\"og:type\" content=\"article\" \/>\n<meta property=\"og:title\" content=\"C\u00e9dulas de habitabilidad y certificaciones energ\u00e9ticas - Cambra de la propietat urbana de Reus\" \/>\n<meta property=\"og:description\" content=\"La soluci\u00f3n a muchos tr\u00e1mitesThe solution of many proceduresC\u00e9dulas de habitabilidad Es un documento obligatorio para alquilar o vender una vivienda\u00a0o para contratar los servicios de agua, gas, electricidad y telecomunicaciones. Qu\u00e9 hacemos: El arquitecto de la C\u00e1mara visita el piso Elaboraci\u00f3n de todos los datos necesarios por parte del arquitecto Recopilaci\u00f3n de toda la [&hellip;]\" \/>\n<meta property=\"og:url\" content=\"https:\/\/www.cpureus.com\/cedules-dhabitabilitat-i-certificacions-energetiques\/\" \/>\n<meta property=\"og:site_name\" content=\"Cambra de la propietat urbana de Reus\" \/>\n<meta property=\"article:modified_time\" content=\"2023-10-17T13:10:01+00:00\" \/>\n<meta property=\"og:image\" content=\"https:\/\/www.cpureus.com\/wp-content\/uploads\/2022\/07\/CAMBRA-DE-LA-PROPIETAT-URBANA-DE-REUS-LOGO-GRAN.jpg\" \/>\n\t<meta property=\"og:image:width\" content=\"800\" \/>\n\t<meta property=\"og:image:height\" content=\"600\" \/>\n\t<meta property=\"og:image:type\" content=\"image\/jpeg\" \/>\n<meta name=\"twitter:card\" content=\"summary_large_image\" \/>\n<meta name=\"twitter:label1\" content=\"Tiempo de lectura\" \/>\n\t<meta name=\"twitter:data1\" content=\"14 minutos\" \/>\n<script type=\"application\/ld+json\" class=\"yoast-schema-graph\">{\"@context\":\"https:\/\/schema.org\",\"@graph\":[{\"@type\":\"WebPage\",\"@id\":\"https:\/\/www.cpureus.com\/cedules-dhabitabilitat-i-certificacions-energetiques\/\",\"url\":\"https:\/\/www.cpureus.com\/cedules-dhabitabilitat-i-certificacions-energetiques\/\",\"name\":\"C\u00e9dulas de habitabilidad y certificaciones energ\u00e9ticas - Cambra de la propietat urbana de Reus\",\"isPartOf\":{\"@id\":\"https:\/\/www.cpureus.com\/#website\"},\"primaryImageOfPage\":{\"@id\":\"https:\/\/www.cpureus.com\/cedules-dhabitabilitat-i-certificacions-energetiques\/#primaryimage\"},\"image\":{\"@id\":\"https:\/\/www.cpureus.com\/cedules-dhabitabilitat-i-certificacions-energetiques\/#primaryimage\"},\"thumbnailUrl\":\"https:\/\/www.cpureus.com\/wp-content\/uploads\/2022\/07\/CAMBRA-DE-LA-PROPIETAT-URBANA-DE-REUS-LOGO-GRAN.jpg\",\"datePublished\":\"2021-07-06T09:48:49+00:00\",\"dateModified\":\"2023-10-17T13:10:01+00:00\",\"breadcrumb\":{\"@id\":\"https:\/\/www.cpureus.com\/cedules-dhabitabilitat-i-certificacions-energetiques\/#breadcrumb\"},\"inLanguage\":\"es\",\"potentialAction\":[{\"@type\":\"ReadAction\",\"target\":[\"https:\/\/www.cpureus.com\/cedules-dhabitabilitat-i-certificacions-energetiques\/\"]}]},{\"@type\":\"ImageObject\",\"inLanguage\":\"es\",\"@id\":\"https:\/\/www.cpureus.com\/cedules-dhabitabilitat-i-certificacions-energetiques\/#primaryimage\",\"url\":\"https:\/\/www.cpureus.com\/wp-content\/uploads\/2022\/07\/CAMBRA-DE-LA-PROPIETAT-URBANA-DE-REUS-LOGO-GRAN.jpg\",\"contentUrl\":\"https:\/\/www.cpureus.com\/wp-content\/uploads\/2022\/07\/CAMBRA-DE-LA-PROPIETAT-URBANA-DE-REUS-LOGO-GRAN.jpg\",\"width\":800,\"height\":600,\"caption\":\"C\u00e8dules habitabilitat certificacions energetiques\"},{\"@type\":\"BreadcrumbList\",\"@id\":\"https:\/\/www.cpureus.com\/cedules-dhabitabilitat-i-certificacions-energetiques\/#breadcrumb\",\"itemListElement\":[{\"@type\":\"ListItem\",\"position\":1,\"name\":\"Inici\",\"item\":\"https:\/\/www.cpureus.com\/es\/\"},{\"@type\":\"ListItem\",\"position\":2,\"name\":\"C\u00e9dulas de habitabilidad y certificaciones energ\u00e9ticas\"}]},{\"@type\":\"WebSite\",\"@id\":\"https:\/\/www.cpureus.com\/#website\",\"url\":\"https:\/\/www.cpureus.com\/\",\"name\":\"Cambra de la propietat urbana de Reus\",\"description\":\"Cambra de la propietat urbana de Reus\",\"potentialAction\":[{\"@type\":\"SearchAction\",\"target\":{\"@type\":\"EntryPoint\",\"urlTemplate\":\"https:\/\/www.cpureus.com\/?s={search_term_string}\"},\"query-input\":{\"@type\":\"PropertyValueSpecification\",\"valueRequired\":true,\"valueName\":\"search_term_string\"}}],\"inLanguage\":\"es\"}]}<\/script>\n<!-- \/ Yoast SEO plugin. -->","yoast_head_json":{"title":"C\u00e9dulas de habitabilidad y certificaciones energ\u00e9ticas - Cambra de la propietat urbana de Reus","robots":{"index":"index","follow":"follow","max-snippet":"max-snippet:-1","max-image-preview":"max-image-preview:large","max-video-preview":"max-video-preview:-1"},"canonical":"https:\/\/www.cpureus.com\/cedules-dhabitabilitat-i-certificacions-energetiques\/","og_locale":"es_ES","og_type":"article","og_title":"C\u00e9dulas de habitabilidad y certificaciones energ\u00e9ticas - Cambra de la propietat urbana de Reus","og_description":"La soluci\u00f3n a muchos tr\u00e1mitesThe solution of many proceduresC\u00e9dulas de habitabilidad Es un documento obligatorio para alquilar o vender una vivienda\u00a0o para contratar los servicios de agua, gas, electricidad y telecomunicaciones. Qu\u00e9 hacemos: El arquitecto de la C\u00e1mara visita el piso Elaboraci\u00f3n de todos los datos necesarios por parte del arquitecto Recopilaci\u00f3n de toda la [&hellip;]","og_url":"https:\/\/www.cpureus.com\/cedules-dhabitabilitat-i-certificacions-energetiques\/","og_site_name":"Cambra de la propietat urbana de Reus","article_modified_time":"2023-10-17T13:10:01+00:00","og_image":[{"width":800,"height":600,"url":"https:\/\/www.cpureus.com\/wp-content\/uploads\/2022\/07\/CAMBRA-DE-LA-PROPIETAT-URBANA-DE-REUS-LOGO-GRAN.jpg","type":"image\/jpeg"}],"twitter_card":"summary_large_image","twitter_misc":{"Tiempo de lectura":"14 minutos"},"schema":{"@context":"https:\/\/schema.org","@graph":[{"@type":"WebPage","@id":"https:\/\/www.cpureus.com\/cedules-dhabitabilitat-i-certificacions-energetiques\/","url":"https:\/\/www.cpureus.com\/cedules-dhabitabilitat-i-certificacions-energetiques\/","name":"C\u00e9dulas de habitabilidad y certificaciones energ\u00e9ticas - Cambra de la propietat urbana de Reus","isPartOf":{"@id":"https:\/\/www.cpureus.com\/#website"},"primaryImageOfPage":{"@id":"https:\/\/www.cpureus.com\/cedules-dhabitabilitat-i-certificacions-energetiques\/#primaryimage"},"image":{"@id":"https:\/\/www.cpureus.com\/cedules-dhabitabilitat-i-certificacions-energetiques\/#primaryimage"},"thumbnailUrl":"https:\/\/www.cpureus.com\/wp-content\/uploads\/2022\/07\/CAMBRA-DE-LA-PROPIETAT-URBANA-DE-REUS-LOGO-GRAN.jpg","datePublished":"2021-07-06T09:48:49+00:00","dateModified":"2023-10-17T13:10:01+00:00","breadcrumb":{"@id":"https:\/\/www.cpureus.com\/cedules-dhabitabilitat-i-certificacions-energetiques\/#breadcrumb"},"inLanguage":"es","potentialAction":[{"@type":"ReadAction","target":["https:\/\/www.cpureus.com\/cedules-dhabitabilitat-i-certificacions-energetiques\/"]}]},{"@type":"ImageObject","inLanguage":"es","@id":"https:\/\/www.cpureus.com\/cedules-dhabitabilitat-i-certificacions-energetiques\/#primaryimage","url":"https:\/\/www.cpureus.com\/wp-content\/uploads\/2022\/07\/CAMBRA-DE-LA-PROPIETAT-URBANA-DE-REUS-LOGO-GRAN.jpg","contentUrl":"https:\/\/www.cpureus.com\/wp-content\/uploads\/2022\/07\/CAMBRA-DE-LA-PROPIETAT-URBANA-DE-REUS-LOGO-GRAN.jpg","width":800,"height":600,"caption":"C\u00e8dules habitabilitat certificacions energetiques"},{"@type":"BreadcrumbList","@id":"https:\/\/www.cpureus.com\/cedules-dhabitabilitat-i-certificacions-energetiques\/#breadcrumb","itemListElement":[{"@type":"ListItem","position":1,"name":"Inici","item":"https:\/\/www.cpureus.com\/es\/"},{"@type":"ListItem","position":2,"name":"C\u00e9dulas de habitabilidad y certificaciones energ\u00e9ticas"}]},{"@type":"WebSite","@id":"https:\/\/www.cpureus.com\/#website","url":"https:\/\/www.cpureus.com\/","name":"Cambra de la propietat urbana de Reus","description":"Cambra de la propietat urbana de Reus","potentialAction":[{"@type":"SearchAction","target":{"@type":"EntryPoint","urlTemplate":"https:\/\/www.cpureus.com\/?s={search_term_string}"},"query-input":{"@type":"PropertyValueSpecification","valueRequired":true,"valueName":"search_term_string"}}],"inLanguage":"es"}]}},"_links":{"self":[{"href":"https:\/\/www.cpureus.com\/es\/wp-json\/wp\/v2\/pages\/9601","targetHints":{"allow":["GET"]}}],"collection":[{"href":"https:\/\/www.cpureus.com\/es\/wp-json\/wp\/v2\/pages"}],"about":[{"href":"https:\/\/www.cpureus.com\/es\/wp-json\/wp\/v2\/types\/page"}],"author":[{"embeddable":true,"href":"https:\/\/www.cpureus.com\/es\/wp-json\/wp\/v2\/users\/1"}],"replies":[{"embeddable":true,"href":"https:\/\/www.cpureus.com\/es\/wp-json\/wp\/v2\/comments?post=9601"}],"version-history":[{"count":13,"href":"https:\/\/www.cpureus.com\/es\/wp-json\/wp\/v2\/pages\/9601\/revisions"}],"predecessor-version":[{"id":13836,"href":"https:\/\/www.cpureus.com\/es\/wp-json\/wp\/v2\/pages\/9601\/revisions\/13836"}],"wp:featuredmedia":[{"embeddable":true,"href":"https:\/\/www.cpureus.com\/es\/wp-json\/wp\/v2\/media\/12887"}],"wp:attachment":[{"href":"https:\/\/www.cpureus.com\/es\/wp-json\/wp\/v2\/media?parent=9601"}],"curies":[{"name":"wp","href":"https:\/\/api.w.org\/{rel}","templated":true}]}}