{"id":9626,"date":"2021-07-07T10:57:56","date_gmt":"2021-07-07T10:57:56","guid":{"rendered":"http:\/\/www.cpureus.com\/?page_id=9626"},"modified":"2022-07-29T12:17:10","modified_gmt":"2022-07-29T10:17:10","slug":"aviso-legal-correo-electronico","status":"publish","type":"page","link":"https:\/\/www.cpureus.com\/es\/aviso-legal-correo-electronico\/","title":{"rendered":"Aviso legal correo electr\u00f3nico"},"content":{"rendered":"<p>[et_pb_section fb_built=&#8221;1&#8243; admin_label=&#8221;section&#8221; _builder_version=&#8221;3.22&#8243; global_colors_info=&#8221;{}&#8221;][et_pb_row admin_label=&#8221;row&#8221; _builder_version=&#8221;3.25&#8243; background_size=&#8221;initial&#8221; background_position=&#8221;top_left&#8221; background_repeat=&#8221;repeat&#8221; global_colors_info=&#8221;{}&#8221;][et_pb_column type=&#8221;4_4&#8243; _builder_version=&#8221;3.25&#8243; custom_padding=&#8221;|||&#8221; global_colors_info=&#8221;{}&#8221; custom_padding__hover=&#8221;|||&#8221;][et_pb_text _builder_version=&#8221;4.9.0&#8243; _module_preset=&#8221;default&#8221; global_colors_info=&#8221;{}&#8221;]<\/p>\n<table width=\"662\">\n<tbody>\n<tr>\n<td colspan=\"2\" width=\"662\">\n<p><strong>PROTECCI\u00d3N DE DATOS PERSONALES<\/strong><\/p>\n<\/td>\n<\/tr>\n<tr>\n<td colspan=\"2\" width=\"662\">\n<p>En cumplimiento de lo dispuesto en el <strong>RGPDUE2016\/679<\/strong> y la <strong>LOPDGDD 3\/2018, <\/strong>le informamos que esta comunicaci\u00f3n contiene informaci\u00f3n confidencial y privilegiada, siendo de uso exclusivo del destinatario. Si usted no es el destinatario, tenga en cuenta que cualquier distribuci\u00f3n, copia o uso de este comunicado, est\u00e1 estrictamente prohibido. Si usted ha recibido esta comunicaci\u00f3n por error, comun\u00edquelo por correo electr\u00f3nico o tel\u00e9fono y tenga la amabilidad de eliminarlo de su sistema. Puede consultar la informaci\u00f3n adicional sobre protecci\u00f3n de datos en: www.cpureus.com\/protecciondedatos\/<\/p>\n<\/td>\n<\/tr>\n<tr>\n<td width=\"180\">\n<p><strong>Responsable de Tratamiento<\/strong><\/p>\n<\/td>\n<td width=\"482\">\n<p><strong>CAMBRA DE LA PROPIETAT URBANA DE REUS<\/strong><\/p>\n<\/td>\n<\/tr>\n<tr>\n<td width=\"180\">\n<p><strong>Finalidad<\/strong><\/p>\n<\/td>\n<td width=\"482\">\n<p>Comunicaci\u00f3n corporativa con terceros interesados y recepci\u00f3n de ficheros adjuntos necesarios para el desarrollo de la actividad comercial de la empresa.<\/p>\n<\/td>\n<\/tr>\n<tr>\n<td width=\"180\">\n<p><strong>Base jur\u00eddica<\/strong><\/p>\n<\/td>\n<td width=\"482\">\n<p>Inter\u00e9s leg\u00edtimo<\/p>\n<\/td>\n<\/tr>\n<tr>\n<td width=\"180\">\n<p><strong>Destinatarios <\/strong><\/p>\n<\/td>\n<td width=\"482\">\n<p>No se ceder\u00e1n datos a terceros, salvo obligaci\u00f3n legal.<\/p>\n<\/td>\n<\/tr>\n<tr>\n<td width=\"180\">\n<p><strong>Derechos<\/strong><\/p>\n<\/td>\n<td width=\"482\">\n<p>Acceder, rectificar y suprimir les datos, as\u00ed como otros derechos que se identifican en la +Informaci\u00f3n Adicional RGPDUE<\/p>\n<\/td>\n<\/tr>\n<\/tbody>\n<\/table>\n<p>&nbsp;<\/p>\n<p>[\/et_pb_text][\/et_pb_column][\/et_pb_row][\/et_pb_section]<\/p>\n","protected":false},"excerpt":{"rendered":"<p>PROTECCI\u00d3N DE DATOS PERSONALES En cumplimiento de lo dispuesto en el RGPDUE2016\/679 y la LOPDGDD 3\/2018, le informamos que esta comunicaci\u00f3n contiene informaci\u00f3n confidencial y privilegiada, siendo de uso exclusivo del destinatario. Si usted no es el destinatario, tenga en cuenta que cualquier distribuci\u00f3n, copia o uso de este comunicado, est\u00e1 estrictamente prohibido. Si usted [&hellip;]<\/p>\n","protected":false},"author":1,"featured_media":0,"parent":0,"menu_order":0,"comment_status":"closed","ping_status":"closed","template":"","meta":{"_et_pb_use_builder":"on","_et_pb_old_content":"","_et_gb_content_width":"","_joinchat":[],"footnotes":""},"class_list":["post-9626","page","type-page","status-publish","hentry"],"yoast_head":"<!-- This site is optimized with the Yoast SEO plugin v27.1.1 - https:\/\/yoast.com\/product\/yoast-seo-wordpress\/ -->\n<title>Aviso legal correo electr\u00f3nico - Cambra de la propietat urbana de Reus<\/title>\n<meta name=\"robots\" content=\"noindex, nofollow\" \/>\n<meta property=\"og:locale\" content=\"es_ES\" \/>\n<meta property=\"og:type\" content=\"article\" \/>\n<meta property=\"og:title\" content=\"Aviso legal correo electr\u00f3nico - Cambra de la propietat urbana de Reus\" \/>\n<meta property=\"og:description\" content=\"PROTECCI\u00d3N DE DATOS PERSONALES En cumplimiento de lo dispuesto en el RGPDUE2016\/679 y la LOPDGDD 3\/2018, le informamos que esta comunicaci\u00f3n contiene informaci\u00f3n confidencial y privilegiada, siendo de uso exclusivo del destinatario. Si usted no es el destinatario, tenga en cuenta que cualquier distribuci\u00f3n, copia o uso de este comunicado, est\u00e1 estrictamente prohibido. Si usted [&hellip;]\" \/>\n<meta property=\"og:url\" content=\"https:\/\/www.cpureus.com\/es\/aviso-legal-correo-electronico\/\" \/>\n<meta property=\"og:site_name\" content=\"Cambra de la propietat urbana de Reus\" \/>\n<meta property=\"article:modified_time\" content=\"2022-07-29T10:17:10+00:00\" \/>\n<meta name=\"twitter:card\" content=\"summary_large_image\" \/>\n<meta name=\"twitter:label1\" content=\"Tiempo de lectura\" \/>\n\t<meta name=\"twitter:data1\" content=\"1 minuto\" \/>\n<script type=\"application\/ld+json\" class=\"yoast-schema-graph\">{\"@context\":\"https:\/\/schema.org\",\"@graph\":[{\"@type\":\"WebPage\",\"@id\":\"https:\/\/www.cpureus.com\/es\/aviso-legal-correo-electronico\/\",\"url\":\"https:\/\/www.cpureus.com\/es\/aviso-legal-correo-electronico\/\",\"name\":\"Aviso legal correo electr\u00f3nico - Cambra de la propietat urbana de Reus\",\"isPartOf\":{\"@id\":\"https:\/\/www.cpureus.com\/#website\"},\"datePublished\":\"2021-07-07T10:57:56+00:00\",\"dateModified\":\"2022-07-29T10:17:10+00:00\",\"breadcrumb\":{\"@id\":\"https:\/\/www.cpureus.com\/es\/aviso-legal-correo-electronico\/#breadcrumb\"},\"inLanguage\":\"es\",\"potentialAction\":[{\"@type\":\"ReadAction\",\"target\":[\"https:\/\/www.cpureus.com\/es\/aviso-legal-correo-electronico\/\"]}]},{\"@type\":\"BreadcrumbList\",\"@id\":\"https:\/\/www.cpureus.com\/es\/aviso-legal-correo-electronico\/#breadcrumb\",\"itemListElement\":[{\"@type\":\"ListItem\",\"position\":1,\"name\":\"Inici\",\"item\":\"https:\/\/www.cpureus.com\/es\/\"},{\"@type\":\"ListItem\",\"position\":2,\"name\":\"Aviso legal correo electr\u00f3nico\"}]},{\"@type\":\"WebSite\",\"@id\":\"https:\/\/www.cpureus.com\/#website\",\"url\":\"https:\/\/www.cpureus.com\/\",\"name\":\"Cambra de la propietat urbana de Reus\",\"description\":\"Cambra de la propietat urbana de Reus\",\"potentialAction\":[{\"@type\":\"SearchAction\",\"target\":{\"@type\":\"EntryPoint\",\"urlTemplate\":\"https:\/\/www.cpureus.com\/?s={search_term_string}\"},\"query-input\":{\"@type\":\"PropertyValueSpecification\",\"valueRequired\":true,\"valueName\":\"search_term_string\"}}],\"inLanguage\":\"es\"}]}<\/script>\n<!-- \/ Yoast SEO plugin. -->","yoast_head_json":{"title":"Aviso legal correo electr\u00f3nico - Cambra de la propietat urbana de Reus","robots":{"index":"noindex","follow":"nofollow"},"og_locale":"es_ES","og_type":"article","og_title":"Aviso legal correo electr\u00f3nico - Cambra de la propietat urbana de Reus","og_description":"PROTECCI\u00d3N DE DATOS PERSONALES En cumplimiento de lo dispuesto en el RGPDUE2016\/679 y la LOPDGDD 3\/2018, le informamos que esta comunicaci\u00f3n contiene informaci\u00f3n confidencial y privilegiada, siendo de uso exclusivo del destinatario. Si usted no es el destinatario, tenga en cuenta que cualquier distribuci\u00f3n, copia o uso de este comunicado, est\u00e1 estrictamente prohibido. Si usted [&hellip;]","og_url":"https:\/\/www.cpureus.com\/es\/aviso-legal-correo-electronico\/","og_site_name":"Cambra de la propietat urbana de Reus","article_modified_time":"2022-07-29T10:17:10+00:00","twitter_card":"summary_large_image","twitter_misc":{"Tiempo de lectura":"1 minuto"},"schema":{"@context":"https:\/\/schema.org","@graph":[{"@type":"WebPage","@id":"https:\/\/www.cpureus.com\/es\/aviso-legal-correo-electronico\/","url":"https:\/\/www.cpureus.com\/es\/aviso-legal-correo-electronico\/","name":"Aviso legal correo electr\u00f3nico - Cambra de la propietat urbana de Reus","isPartOf":{"@id":"https:\/\/www.cpureus.com\/#website"},"datePublished":"2021-07-07T10:57:56+00:00","dateModified":"2022-07-29T10:17:10+00:00","breadcrumb":{"@id":"https:\/\/www.cpureus.com\/es\/aviso-legal-correo-electronico\/#breadcrumb"},"inLanguage":"es","potentialAction":[{"@type":"ReadAction","target":["https:\/\/www.cpureus.com\/es\/aviso-legal-correo-electronico\/"]}]},{"@type":"BreadcrumbList","@id":"https:\/\/www.cpureus.com\/es\/aviso-legal-correo-electronico\/#breadcrumb","itemListElement":[{"@type":"ListItem","position":1,"name":"Inici","item":"https:\/\/www.cpureus.com\/es\/"},{"@type":"ListItem","position":2,"name":"Aviso legal correo electr\u00f3nico"}]},{"@type":"WebSite","@id":"https:\/\/www.cpureus.com\/#website","url":"https:\/\/www.cpureus.com\/","name":"Cambra de la propietat urbana de Reus","description":"Cambra de la propietat urbana de Reus","potentialAction":[{"@type":"SearchAction","target":{"@type":"EntryPoint","urlTemplate":"https:\/\/www.cpureus.com\/?s={search_term_string}"},"query-input":{"@type":"PropertyValueSpecification","valueRequired":true,"valueName":"search_term_string"}}],"inLanguage":"es"}]}},"_links":{"self":[{"href":"https:\/\/www.cpureus.com\/es\/wp-json\/wp\/v2\/pages\/9626","targetHints":{"allow":["GET"]}}],"collection":[{"href":"https:\/\/www.cpureus.com\/es\/wp-json\/wp\/v2\/pages"}],"about":[{"href":"https:\/\/www.cpureus.com\/es\/wp-json\/wp\/v2\/types\/page"}],"author":[{"embeddable":true,"href":"https:\/\/www.cpureus.com\/es\/wp-json\/wp\/v2\/users\/1"}],"replies":[{"embeddable":true,"href":"https:\/\/www.cpureus.com\/es\/wp-json\/wp\/v2\/comments?post=9626"}],"version-history":[{"count":4,"href":"https:\/\/www.cpureus.com\/es\/wp-json\/wp\/v2\/pages\/9626\/revisions"}],"predecessor-version":[{"id":12916,"href":"https:\/\/www.cpureus.com\/es\/wp-json\/wp\/v2\/pages\/9626\/revisions\/12916"}],"wp:attachment":[{"href":"https:\/\/www.cpureus.com\/es\/wp-json\/wp\/v2\/media?parent=9626"}],"curies":[{"name":"wp","href":"https:\/\/api.w.org\/{rel}","templated":true}]}}