{"id":9934,"date":"2021-07-16T10:06:04","date_gmt":"2021-07-16T10:06:04","guid":{"rendered":"http:\/\/www.cpureus.com\/compra-venta-y-alquiler\/ficha-alquiler\/"},"modified":"2021-11-15T08:28:43","modified_gmt":"2021-11-15T07:28:43","slug":"propiedad-alquiler","status":"publish","type":"page","link":"https:\/\/www.cpureus.com\/es\/propiedad-alquiler\/","title":{"rendered":"Ficha Alquiler"},"content":{"rendered":"<p>[et_pb_section fb_built=&#8221;1&#8243; fullwidth=&#8221;on&#8221; custom_padding_last_edited=&#8221;on|phone&#8221; _builder_version=&#8221;4.9.11&#8243; _module_preset=&#8221;default&#8221; background_color=&#8221;#5a6771&#8243; background_enable_image=&#8221;off&#8221; background_position=&#8221;bottom_center&#8221; custom_margin=&#8221;0px|0px|0px|0px|false|false&#8221; custom_padding=&#8221;10px|0px|10px|0px|false|false&#8221; custom_padding_tablet=&#8221;&#8221; custom_padding_phone=&#8221;100px||||false|false&#8221; global_colors_info=&#8221;{}&#8221;][et_pb_fullwidth_header title=&#8221;Propiedad en alquiler&#8221; _builder_version=&#8221;4.9.0&#8243; _module_preset=&#8221;default&#8221; title_font=&#8221;Julius Sans One|||on|||||&#8221; title_text_align=&#8221;center&#8221; title_font_size=&#8221;40px&#8221; title_line_height=&#8221;1.8em&#8221; content_font=&#8221;Ubuntu|300|||||||&#8221; content_font_size=&#8221;25px&#8221; background_enable_color=&#8221;off&#8221; custom_margin=&#8221;0px|0px|0px|0px|false|false&#8221; custom_padding=&#8221;0px|0px|0px|0px|false|false&#8221; title_text_shadow_style=&#8221;preset3&#8243; content_text_shadow_style=&#8221;preset5&#8243; global_colors_info=&#8221;{}&#8221;][\/et_pb_fullwidth_header][\/et_pb_section][et_pb_section fb_built=&#8221;1&#8243; _builder_version=&#8221;4.9.0&#8243; _module_preset=&#8221;default&#8221; global_colors_info=&#8221;{}&#8221;][et_pb_row _builder_version=&#8221;4.9.0&#8243; _module_preset=&#8221;default&#8221; width=&#8221;100%&#8221; global_colors_info=&#8221;{}&#8221;][et_pb_column type=&#8221;4_4&#8243; _builder_version=&#8221;4.9.0&#8243; _module_preset=&#8221;default&#8221; global_colors_info=&#8221;{}&#8221;][et_pb_text _builder_version=&#8221;4.9.0&#8243; _module_preset=&#8221;default&#8221; global_colors_info=&#8221;{}&#8221;]<\/p>\n<p>\n            [FAlquiler KUBE]\n          <\/p>\n<p>[\/et_pb_text][\/et_pb_column][\/et_pb_row][\/et_pb_section][et_pb_section fb_built=&#8221;1&#8243; module_id=&#8221;formularicomunitats&#8221; _builder_version=&#8221;4.9.0&#8243; _module_preset=&#8221;default&#8221; global_colors_info=&#8221;{}&#8221;][et_pb_row use_custom_gutter=&#8221;on&#8221; gutter_width=&#8221;1&#8243; make_equal=&#8221;on&#8221; _builder_version=&#8221;4.9.0&#8243; _module_preset=&#8221;default&#8221; background_color=&#8221;rgba(2,2,2,0.03)&#8221; width=&#8221;50%&#8221; width_tablet=&#8221;95%&#8221; width_phone=&#8221;&#8221; width_last_edited=&#8221;on|phone&#8221; module_alignment=&#8221;center&#8221; custom_margin=&#8221;0px|0px|0px|0px|false|false&#8221; custom_padding=&#8221;20px|20px|20px|20px|false|false&#8221; box_shadow_style=&#8221;preset2&#8243; global_colors_info=&#8221;{}&#8221;][et_pb_column type=&#8221;4_4&#8243; _builder_version=&#8221;4.9.0&#8243; _module_preset=&#8221;default&#8221; global_colors_info=&#8221;{}&#8221;][et_pb_text _builder_version=&#8221;4.9.0&#8243; _module_preset=&#8221;default&#8221; text_font=&#8221;Julius Sans One|700|||||||&#8221; text_text_color=&#8221;#c4261e&#8221; text_font_size=&#8221;28px&#8221; text_line_height=&#8221;1.8em&#8221; text_orientation=&#8221;center&#8221; custom_margin=&#8221;0px|0px|0px|0px|false|false&#8221; custom_padding=&#8221;10px|0px|10px|0px|false|false&#8221; global_colors_info=&#8221;{}&#8221;]<\/p>\n<p>Formulario de contacto propiedad en alquiler<\/p>\n<p>[\/et_pb_text][et_pb_contact_form captcha=&#8221;off&#8221; email=&#8221;sergio.munoz@cpureus.com,manoli.gallego@cpureus.com&#8221; custom_message=&#8221;Petici\u00f3n enviada desde el formulario web de propiedad en alquiler del departamento de Compraventa y alquiler de www.cpureus.com||et_pb_line_break_holder||||et_pb_line_break_holder||Nombre: %%nom%%||et_pb_line_break_holder||Tel\u00e9fono: %%telefon%%||et_pb_line_break_holder||Email: %%correu%%||et_pb_line_break_holder||Referencia: %%Referencia%%||et_pb_line_break_holder||Protecci\u00f3n de datos: %%rgpd1%%||et_pb_line_break_holder||Tratamiento de datos: %%rgpd2%%||et_pb_line_break_holder||&#8221; success_message=&#8221;Tu mensaje se ha enviado correctamente. Te responderemos en la mayor brevedad. Gracias por la confianza depositada en nosotros. Departamento de inmobiliaria de la Cambra de la Propietat Urbana de Reus.&#8221; submit_button_text=&#8221;Enviar&#8221; _builder_version=&#8221;4.12.0&#8243; _module_preset=&#8221;default&#8221; form_field_background_color=&#8221;#FFFFFF&#8221; form_field_text_color=&#8221;#000000&#8243; form_field_focus_background_color=&#8221;#FFFFFF&#8221; form_field_focus_text_color=&#8221;#000000&#8243; title_font=&#8221;Julius Sans One|700|||||||&#8221; title_text_align=&#8221;center&#8221; title_text_color=&#8221;RGBA(0,0,0,0)&#8221; title_font_size=&#8221;38px&#8221; title_line_height=&#8221;1.4em&#8221; form_field_font=&#8221;Ubuntu||||||||&#8221; form_field_font_size=&#8221;18px&#8221; form_field_line_height=&#8221;1.6em&#8221; custom_button=&#8221;on&#8221; button_text_size=&#8221;18px&#8221; button_text_color=&#8221;#FFFFFF&#8221; button_bg_color=&#8221;#c4261e&#8221; button_border_width=&#8221;0px&#8221; button_border_color=&#8221;#FFFFFF&#8221; button_border_radius=&#8221;0px&#8221; button_font=&#8221;Ubuntu||||||||&#8221; hover_enabled=&#8221;0&#8243; border_width_all=&#8221;1px&#8221; global_colors_info=&#8221;{}&#8221; sticky_enabled=&#8221;0&#8243;][et_pb_contact_field field_id=&#8221;nom&#8221; field_title=&#8221;Nombre y Apellidos&#8221; _builder_version=&#8221;4.9.0&#8243; global_colors_info=&#8221;{}&#8221; button_text_size__hover_enabled=&#8221;off&#8221; button_one_text_size__hover_enabled=&#8221;off&#8221; button_two_text_size__hover_enabled=&#8221;off&#8221; button_text_color__hover_enabled=&#8221;off&#8221; button_one_text_color__hover_enabled=&#8221;off&#8221; button_two_text_color__hover_enabled=&#8221;off&#8221; button_border_width__hover_enabled=&#8221;off&#8221; button_one_border_width__hover_enabled=&#8221;off&#8221; button_two_border_width__hover_enabled=&#8221;off&#8221; button_border_color__hover_enabled=&#8221;off&#8221; button_one_border_color__hover_enabled=&#8221;off&#8221; button_two_border_color__hover_enabled=&#8221;off&#8221; button_border_radius__hover_enabled=&#8221;off&#8221; button_one_border_radius__hover_enabled=&#8221;off&#8221; button_two_border_radius__hover_enabled=&#8221;off&#8221; button_letter_spacing__hover_enabled=&#8221;off&#8221; button_one_letter_spacing__hover_enabled=&#8221;off&#8221; button_two_letter_spacing__hover_enabled=&#8221;off&#8221; button_bg_color__hover_enabled=&#8221;off&#8221; button_one_bg_color__hover_enabled=&#8221;off&#8221; button_two_bg_color__hover_enabled=&#8221;off&#8221;][\/et_pb_contact_field][et_pb_contact_field field_id=&#8221;telefon&#8221; field_title=&#8221;Tel\u00e9fono&#8221; min_length=&#8221;9&#8243; max_length=&#8221;12&#8243; allowed_symbols=&#8221;numbers&#8221; _builder_version=&#8221;4.9.0&#8243; global_colors_info=&#8221;{}&#8221; button_text_size__hover_enabled=&#8221;off&#8221; button_one_text_size__hover_enabled=&#8221;off&#8221; button_two_text_size__hover_enabled=&#8221;off&#8221; button_text_color__hover_enabled=&#8221;off&#8221; button_one_text_color__hover_enabled=&#8221;off&#8221; button_two_text_color__hover_enabled=&#8221;off&#8221; button_border_width__hover_enabled=&#8221;off&#8221; button_one_border_width__hover_enabled=&#8221;off&#8221; button_two_border_width__hover_enabled=&#8221;off&#8221; button_border_color__hover_enabled=&#8221;off&#8221; button_one_border_color__hover_enabled=&#8221;off&#8221; button_two_border_color__hover_enabled=&#8221;off&#8221; button_border_radius__hover_enabled=&#8221;off&#8221; button_one_border_radius__hover_enabled=&#8221;off&#8221; button_two_border_radius__hover_enabled=&#8221;off&#8221; button_letter_spacing__hover_enabled=&#8221;off&#8221; button_one_letter_spacing__hover_enabled=&#8221;off&#8221; button_two_letter_spacing__hover_enabled=&#8221;off&#8221; button_bg_color__hover_enabled=&#8221;off&#8221; button_one_bg_color__hover_enabled=&#8221;off&#8221; button_two_bg_color__hover_enabled=&#8221;off&#8221;][\/et_pb_contact_field][et_pb_contact_field field_id=&#8221;correu&#8221; field_title=&#8221;Email&#8221; field_type=&#8221;email&#8221; _builder_version=&#8221;4.9.0&#8243; global_colors_info=&#8221;{}&#8221; button_text_size__hover_enabled=&#8221;off&#8221; button_one_text_size__hover_enabled=&#8221;off&#8221; button_two_text_size__hover_enabled=&#8221;off&#8221; button_text_color__hover_enabled=&#8221;off&#8221; button_one_text_color__hover_enabled=&#8221;off&#8221; button_two_text_color__hover_enabled=&#8221;off&#8221; button_border_width__hover_enabled=&#8221;off&#8221; button_one_border_width__hover_enabled=&#8221;off&#8221; button_two_border_width__hover_enabled=&#8221;off&#8221; button_border_color__hover_enabled=&#8221;off&#8221; button_one_border_color__hover_enabled=&#8221;off&#8221; button_two_border_color__hover_enabled=&#8221;off&#8221; button_border_radius__hover_enabled=&#8221;off&#8221; button_one_border_radius__hover_enabled=&#8221;off&#8221; button_two_border_radius__hover_enabled=&#8221;off&#8221; button_letter_spacing__hover_enabled=&#8221;off&#8221; button_one_letter_spacing__hover_enabled=&#8221;off&#8221; button_two_letter_spacing__hover_enabled=&#8221;off&#8221; button_bg_color__hover_enabled=&#8221;off&#8221; button_one_bg_color__hover_enabled=&#8221;off&#8221; button_two_bg_color__hover_enabled=&#8221;off&#8221;][\/et_pb_contact_field][et_pb_contact_field field_id=&#8221;Referencia&#8221; field_title=&#8221;Referencia&#8221; _builder_version=&#8221;4.9.11&#8243; global_colors_info=&#8221;{}&#8221; button_text_size__hover_enabled=&#8221;off&#8221; button_one_text_size__hover_enabled=&#8221;off&#8221; button_two_text_size__hover_enabled=&#8221;off&#8221; button_text_color__hover_enabled=&#8221;off&#8221; button_one_text_color__hover_enabled=&#8221;off&#8221; button_two_text_color__hover_enabled=&#8221;off&#8221; button_border_width__hover_enabled=&#8221;off&#8221; button_one_border_width__hover_enabled=&#8221;off&#8221; button_two_border_width__hover_enabled=&#8221;off&#8221; button_border_color__hover_enabled=&#8221;off&#8221; button_one_border_color__hover_enabled=&#8221;off&#8221; button_two_border_color__hover_enabled=&#8221;off&#8221; button_border_radius__hover_enabled=&#8221;off&#8221; button_one_border_radius__hover_enabled=&#8221;off&#8221; button_two_border_radius__hover_enabled=&#8221;off&#8221; button_letter_spacing__hover_enabled=&#8221;off&#8221; button_one_letter_spacing__hover_enabled=&#8221;off&#8221; button_two_letter_spacing__hover_enabled=&#8221;off&#8221; button_bg_color__hover_enabled=&#8221;off&#8221; button_one_bg_color__hover_enabled=&#8221;off&#8221; button_two_bg_color__hover_enabled=&#8221;off&#8221;][\/et_pb_contact_field][et_pb_contact_field field_id=&#8221;RGPD1&#8243; field_title=&#8221;Protecci\u00f3n de datos&#8221; field_type=&#8221;checkbox&#8221; checkbox_options=&#8221;%91{%22value%22:%22He le\u00eddo y acepto la cl\u00e1usula de informaci\u00f3n sobre protecci\u00f3n de datos%22,%22checked%22:0,%22dragID%22:-1}%93&#8243; fullwidth_field=&#8221;on&#8221; _builder_version=&#8221;4.9.11&#8243; _module_preset=&#8221;default&#8221; form_field_font=&#8221;Ubuntu|300|on||||||&#8221; form_field_font_size=&#8221;14px&#8221; form_field_line_height=&#8221;1.4em&#8221; global_colors_info=&#8221;{}&#8221;][\/et_pb_contact_field][et_pb_contact_field field_id=&#8221;RGPD2&#8243; field_title=&#8221;Tratamiento de datos&#8221; field_type=&#8221;checkbox&#8221; checkbox_options=&#8221;%91{%22value%22:%22Autorizo al tratamiento de mis datos para poder recibir informaci\u00f3n por medios electr\u00f3nicos%22,%22checked%22:0,%22dragID%22:-1}%93&#8243; fullwidth_field=&#8221;on&#8221; _builder_version=&#8221;4.9.11&#8243; _module_preset=&#8221;default&#8221; form_field_font=&#8221;Ubuntu|300|on||||||&#8221; form_field_font_size=&#8221;14px&#8221; form_field_line_height=&#8221;1.4em&#8221; global_colors_info=&#8221;{}&#8221;][\/et_pb_contact_field][\/et_pb_contact_form][\/et_pb_column][\/et_pb_row][\/et_pb_section]<\/p>\n","protected":false},"excerpt":{"rendered":"<p>[FAlquiler KUBE] Formulario de contacto propiedad en alquiler<\/p>\n","protected":false},"author":18,"featured_media":0,"parent":0,"menu_order":0,"comment_status":"closed","ping_status":"closed","template":"","meta":{"_et_pb_use_builder":"on","_et_pb_old_content":"","_et_gb_content_width":"","_joinchat":[],"footnotes":""},"class_list":["post-9934","page","type-page","status-publish","hentry"],"yoast_head":"<!-- This site is optimized with the Yoast SEO plugin v27.1.1 - https:\/\/yoast.com\/product\/yoast-seo-wordpress\/ -->\n<title>Ficha Alquiler - Cambra de la propietat urbana de Reus<\/title>\n<meta name=\"robots\" content=\"index, follow, max-snippet:-1, max-image-preview:large, max-video-preview:-1\" \/>\n<link rel=\"canonical\" href=\"https:\/\/www.cpureus.com\/es\/propiedad-alquiler\/\" \/>\n<meta property=\"og:locale\" content=\"es_ES\" \/>\n<meta property=\"og:type\" content=\"article\" \/>\n<meta property=\"og:title\" content=\"Ficha Alquiler - Cambra de la propietat urbana de Reus\" \/>\n<meta property=\"og:description\" content=\"[FAlquiler KUBE] Formulario de contacto propiedad en alquiler\" \/>\n<meta property=\"og:url\" content=\"https:\/\/www.cpureus.com\/es\/propiedad-alquiler\/\" \/>\n<meta property=\"og:site_name\" content=\"Cambra de la propietat urbana de Reus\" \/>\n<meta property=\"article:modified_time\" content=\"2021-11-15T07:28:43+00:00\" \/>\n<meta name=\"twitter:card\" content=\"summary_large_image\" \/>\n<meta name=\"twitter:label1\" content=\"Tiempo de lectura\" \/>\n\t<meta name=\"twitter:data1\" content=\"7 minutos\" \/>\n<script type=\"application\/ld+json\" class=\"yoast-schema-graph\">{\"@context\":\"https:\/\/schema.org\",\"@graph\":[{\"@type\":\"WebPage\",\"@id\":\"https:\/\/www.cpureus.com\/es\/propiedad-alquiler\/\",\"url\":\"https:\/\/www.cpureus.com\/es\/propiedad-alquiler\/\",\"name\":\"Ficha Alquiler - Cambra de la propietat urbana de Reus\",\"isPartOf\":{\"@id\":\"https:\/\/www.cpureus.com\/#website\"},\"datePublished\":\"2021-07-16T10:06:04+00:00\",\"dateModified\":\"2021-11-15T07:28:43+00:00\",\"breadcrumb\":{\"@id\":\"https:\/\/www.cpureus.com\/es\/propiedad-alquiler\/#breadcrumb\"},\"inLanguage\":\"es\",\"potentialAction\":[{\"@type\":\"ReadAction\",\"target\":[\"https:\/\/www.cpureus.com\/es\/propiedad-alquiler\/\"]}]},{\"@type\":\"BreadcrumbList\",\"@id\":\"https:\/\/www.cpureus.com\/es\/propiedad-alquiler\/#breadcrumb\",\"itemListElement\":[{\"@type\":\"ListItem\",\"position\":1,\"name\":\"Inici\",\"item\":\"https:\/\/www.cpureus.com\/es\/\"},{\"@type\":\"ListItem\",\"position\":2,\"name\":\"Ficha Alquiler\"}]},{\"@type\":\"WebSite\",\"@id\":\"https:\/\/www.cpureus.com\/#website\",\"url\":\"https:\/\/www.cpureus.com\/\",\"name\":\"Cambra de la propietat urbana de Reus\",\"description\":\"Cambra de la propietat urbana de Reus\",\"potentialAction\":[{\"@type\":\"SearchAction\",\"target\":{\"@type\":\"EntryPoint\",\"urlTemplate\":\"https:\/\/www.cpureus.com\/?s={search_term_string}\"},\"query-input\":{\"@type\":\"PropertyValueSpecification\",\"valueRequired\":true,\"valueName\":\"search_term_string\"}}],\"inLanguage\":\"es\"}]}<\/script>\n<!-- \/ Yoast SEO plugin. -->","yoast_head_json":{"title":"Ficha Alquiler - Cambra de la propietat urbana de Reus","robots":{"index":"index","follow":"follow","max-snippet":"max-snippet:-1","max-image-preview":"max-image-preview:large","max-video-preview":"max-video-preview:-1"},"canonical":"https:\/\/www.cpureus.com\/es\/propiedad-alquiler\/","og_locale":"es_ES","og_type":"article","og_title":"Ficha Alquiler - Cambra de la propietat urbana de Reus","og_description":"[FAlquiler KUBE] Formulario de contacto propiedad en alquiler","og_url":"https:\/\/www.cpureus.com\/es\/propiedad-alquiler\/","og_site_name":"Cambra de la propietat urbana de Reus","article_modified_time":"2021-11-15T07:28:43+00:00","twitter_card":"summary_large_image","twitter_misc":{"Tiempo de lectura":"7 minutos"},"schema":{"@context":"https:\/\/schema.org","@graph":[{"@type":"WebPage","@id":"https:\/\/www.cpureus.com\/es\/propiedad-alquiler\/","url":"https:\/\/www.cpureus.com\/es\/propiedad-alquiler\/","name":"Ficha Alquiler - Cambra de la propietat urbana de Reus","isPartOf":{"@id":"https:\/\/www.cpureus.com\/#website"},"datePublished":"2021-07-16T10:06:04+00:00","dateModified":"2021-11-15T07:28:43+00:00","breadcrumb":{"@id":"https:\/\/www.cpureus.com\/es\/propiedad-alquiler\/#breadcrumb"},"inLanguage":"es","potentialAction":[{"@type":"ReadAction","target":["https:\/\/www.cpureus.com\/es\/propiedad-alquiler\/"]}]},{"@type":"BreadcrumbList","@id":"https:\/\/www.cpureus.com\/es\/propiedad-alquiler\/#breadcrumb","itemListElement":[{"@type":"ListItem","position":1,"name":"Inici","item":"https:\/\/www.cpureus.com\/es\/"},{"@type":"ListItem","position":2,"name":"Ficha Alquiler"}]},{"@type":"WebSite","@id":"https:\/\/www.cpureus.com\/#website","url":"https:\/\/www.cpureus.com\/","name":"Cambra de la propietat urbana de Reus","description":"Cambra de la propietat urbana de Reus","potentialAction":[{"@type":"SearchAction","target":{"@type":"EntryPoint","urlTemplate":"https:\/\/www.cpureus.com\/?s={search_term_string}"},"query-input":{"@type":"PropertyValueSpecification","valueRequired":true,"valueName":"search_term_string"}}],"inLanguage":"es"}]}},"_links":{"self":[{"href":"https:\/\/www.cpureus.com\/es\/wp-json\/wp\/v2\/pages\/9934","targetHints":{"allow":["GET"]}}],"collection":[{"href":"https:\/\/www.cpureus.com\/es\/wp-json\/wp\/v2\/pages"}],"about":[{"href":"https:\/\/www.cpureus.com\/es\/wp-json\/wp\/v2\/types\/page"}],"author":[{"embeddable":true,"href":"https:\/\/www.cpureus.com\/es\/wp-json\/wp\/v2\/users\/18"}],"replies":[{"embeddable":true,"href":"https:\/\/www.cpureus.com\/es\/wp-json\/wp\/v2\/comments?post=9934"}],"version-history":[{"count":14,"href":"https:\/\/www.cpureus.com\/es\/wp-json\/wp\/v2\/pages\/9934\/revisions"}],"predecessor-version":[{"id":11900,"href":"https:\/\/www.cpureus.com\/es\/wp-json\/wp\/v2\/pages\/9934\/revisions\/11900"}],"wp:attachment":[{"href":"https:\/\/www.cpureus.com\/es\/wp-json\/wp\/v2\/media?parent=9934"}],"curies":[{"name":"wp","href":"https:\/\/api.w.org\/{rel}","templated":true}]}}